{"id":578,"date":"2021-11-17T22:03:46","date_gmt":"2021-11-17T21:03:46","guid":{"rendered":"http:\/\/dorotawp.bplaced.net\/?page_id=578"},"modified":"2021-12-07T21:48:58","modified_gmt":"2021-12-07T20:48:58","slug":"gewerblicher-bau","status":"publish","type":"page","link":"https:\/\/architektweselmann.de\/?page_id=578","title":{"rendered":"Gewerblicher Bau"},"content":{"rendered":"\n<p class=\"has-text-color has-medium-font-size\" style=\"color:#272525\">Hauptkunden sind hier Werkst\u00e4tten sowie mittelst\u00e4ndische gewerbetreibende Betriebe in Hamburg und Niedersachsen. Neben bauunterhaltenden Ma\u00dfnahmen der unterschiedlichsten Bestandsbauten, \u00fcberwiegen hier die An- und Umbauw\u00fcnsche und Nutzungs\u00e4nderungen.<\/p>\n\n\n\n<p class=\"has-text-color has-medium-font-size\" style=\"color:#1b532c\"><strong>Lagerhalle und B\u00fcro auf zwei Etagen, Hollenstedt<\/strong><\/p>\n\n\n\n<div class=\"alignnormal\"><div id=\"metaslider-id-829\" style=\"max-width: 700px;\" class=\"ml-slider-3-23-3 metaslider metaslider-responsive metaslider-829 ml-slider\">\n    <div id=\"metaslider_container_829\">\n        <ul id='metaslider_829' class='rslides'>\n            <li><img loading=\"lazy\" decoding=\"async\" width=\"2560\" height=\"1190\" src=\"https:\/\/architektweselmann.de\/wp-content\/uploads\/2021\/11\/PFM_Hollenstedt_2009-scaled.jpg\" class=\"slider-829 slide-830\" alt=\"\" rel=\"\" title=\"PFM_Hollenstedt_2009\" srcset=\"https:\/\/architektweselmann.de\/wp-content\/uploads\/2021\/11\/PFM_Hollenstedt_2009-scaled.jpg 2560w, https:\/\/architektweselmann.de\/wp-content\/uploads\/2021\/11\/PFM_Hollenstedt_2009-300x139.jpg 300w, https:\/\/architektweselmann.de\/wp-content\/uploads\/2021\/11\/PFM_Hollenstedt_2009-1024x476.jpg 1024w, https:\/\/architektweselmann.de\/wp-content\/uploads\/2021\/11\/PFM_Hollenstedt_2009-768x357.jpg 768w, https:\/\/architektweselmann.de\/wp-content\/uploads\/2021\/11\/PFM_Hollenstedt_2009-1536x714.jpg 1536w, https:\/\/architektweselmann.de\/wp-content\/uploads\/2021\/11\/PFM_Hollenstedt_2009-2048x952.jpg 2048w, https:\/\/architektweselmann.de\/wp-content\/uploads\/2021\/11\/PFM_Hollenstedt_2009-150x70.jpg 150w\" sizes=\"auto, (max-width: 2560px) 100vw, 2560px\" \/><\/li>\n            <li style='display: none;'><img loading=\"lazy\" decoding=\"async\" width=\"2560\" height=\"1912\" src=\"https:\/\/architektweselmann.de\/wp-content\/uploads\/2021\/12\/PFM_Hollenstedt_2009_1-scaled.jpg\" class=\"slider-829 slide-1726\" alt=\"\" rel=\"\" title=\"PFM_Hollenstedt_2009_1\" srcset=\"https:\/\/architektweselmann.de\/wp-content\/uploads\/2021\/12\/PFM_Hollenstedt_2009_1-scaled.jpg 2560w, https:\/\/architektweselmann.de\/wp-content\/uploads\/2021\/12\/PFM_Hollenstedt_2009_1-300x224.jpg 300w, https:\/\/architektweselmann.de\/wp-content\/uploads\/2021\/12\/PFM_Hollenstedt_2009_1-1024x765.jpg 1024w, https:\/\/architektweselmann.de\/wp-content\/uploads\/2021\/12\/PFM_Hollenstedt_2009_1-768x574.jpg 768w, https:\/\/architektweselmann.de\/wp-content\/uploads\/2021\/12\/PFM_Hollenstedt_2009_1-1536x1147.jpg 1536w, https:\/\/architektweselmann.de\/wp-content\/uploads\/2021\/12\/PFM_Hollenstedt_2009_1-2048x1530.jpg 2048w, https:\/\/architektweselmann.de\/wp-content\/uploads\/2021\/12\/PFM_Hollenstedt_2009_1-150x112.jpg 150w\" sizes=\"auto, (max-width: 2560px) 100vw, 2560px\" \/><\/li>\n        <\/ul>\n        \n    <\/div>\n<\/div><\/div>\n\n\n\n<p class=\"has-text-color has-medium-font-size\" style=\"color:#1b532c\"><strong>Gewerbehalle Lissakowski<\/strong><\/p>\n\n\n\n<div class=\"alignnormal\"><div id=\"metaslider-id-1102\" style=\"max-width: 700px;\" class=\"ml-slider-3-23-3 metaslider metaslider-responsive metaslider-1102 ml-slider\">\n    <div id=\"metaslider_container_1102\">\n        <ul id='metaslider_1102' class='rslides'>\n            <li><img loading=\"lazy\" decoding=\"async\" width=\"2502\" height=\"1587\" src=\"https:\/\/architektweselmann.de\/wp-content\/uploads\/2021\/11\/CIMG2336.jpg\" class=\"slider-1102 slide-1103\" alt=\"\" rel=\"\" title=\"CIMG2336\" srcset=\"https:\/\/architektweselmann.de\/wp-content\/uploads\/2021\/11\/CIMG2336.jpg 2502w, https:\/\/architektweselmann.de\/wp-content\/uploads\/2021\/11\/CIMG2336-300x190.jpg 300w, https:\/\/architektweselmann.de\/wp-content\/uploads\/2021\/11\/CIMG2336-1024x650.jpg 1024w, https:\/\/architektweselmann.de\/wp-content\/uploads\/2021\/11\/CIMG2336-768x487.jpg 768w, https:\/\/architektweselmann.de\/wp-content\/uploads\/2021\/11\/CIMG2336-1536x974.jpg 1536w, https:\/\/architektweselmann.de\/wp-content\/uploads\/2021\/11\/CIMG2336-2048x1299.jpg 2048w, https:\/\/architektweselmann.de\/wp-content\/uploads\/2021\/11\/CIMG2336-150x95.jpg 150w\" sizes=\"auto, (max-width: 2502px) 100vw, 2502px\" \/><\/li>\n            <li style='display: none;'><img loading=\"lazy\" decoding=\"async\" width=\"2478\" height=\"1701\" src=\"https:\/\/architektweselmann.de\/wp-content\/uploads\/2021\/11\/CIMG2337.jpg\" class=\"slider-1102 slide-1104\" alt=\"\" rel=\"\" title=\"CIMG2337\" srcset=\"https:\/\/architektweselmann.de\/wp-content\/uploads\/2021\/11\/CIMG2337.jpg 2478w, https:\/\/architektweselmann.de\/wp-content\/uploads\/2021\/11\/CIMG2337-300x206.jpg 300w, https:\/\/architektweselmann.de\/wp-content\/uploads\/2021\/11\/CIMG2337-1024x703.jpg 1024w, https:\/\/architektweselmann.de\/wp-content\/uploads\/2021\/11\/CIMG2337-768x527.jpg 768w, https:\/\/architektweselmann.de\/wp-content\/uploads\/2021\/11\/CIMG2337-1536x1054.jpg 1536w, https:\/\/architektweselmann.de\/wp-content\/uploads\/2021\/11\/CIMG2337-2048x1406.jpg 2048w, https:\/\/architektweselmann.de\/wp-content\/uploads\/2021\/11\/CIMG2337-150x103.jpg 150w\" sizes=\"auto, (max-width: 2478px) 100vw, 2478px\" \/><\/li>\n            <li style='display: none;'><img loading=\"lazy\" decoding=\"async\" width=\"2561\" height=\"1647\" src=\"https:\/\/architektweselmann.de\/wp-content\/uploads\/2021\/11\/CIMG2338.jpg\" class=\"slider-1102 slide-1105\" alt=\"\" rel=\"\" title=\"CIMG2338\" srcset=\"https:\/\/architektweselmann.de\/wp-content\/uploads\/2021\/11\/CIMG2338.jpg 2561w, https:\/\/architektweselmann.de\/wp-content\/uploads\/2021\/11\/CIMG2338-300x193.jpg 300w, https:\/\/architektweselmann.de\/wp-content\/uploads\/2021\/11\/CIMG2338-1024x659.jpg 1024w, https:\/\/architektweselmann.de\/wp-content\/uploads\/2021\/11\/CIMG2338-768x494.jpg 768w, https:\/\/architektweselmann.de\/wp-content\/uploads\/2021\/11\/CIMG2338-1536x988.jpg 1536w, https:\/\/architektweselmann.de\/wp-content\/uploads\/2021\/11\/CIMG2338-2048x1317.jpg 2048w, https:\/\/architektweselmann.de\/wp-content\/uploads\/2021\/11\/CIMG2338-150x96.jpg 150w\" sizes=\"auto, (max-width: 2561px) 100vw, 2561px\" \/><\/li>\n            <li style='display: none;'><img loading=\"lazy\" decoding=\"async\" width=\"2469\" height=\"1275\" src=\"https:\/\/architektweselmann.de\/wp-content\/uploads\/2021\/11\/CIMG2339.jpg\" class=\"slider-1102 slide-1106\" alt=\"\" rel=\"\" title=\"CIMG2339\" srcset=\"https:\/\/architektweselmann.de\/wp-content\/uploads\/2021\/11\/CIMG2339.jpg 2469w, https:\/\/architektweselmann.de\/wp-content\/uploads\/2021\/11\/CIMG2339-300x155.jpg 300w, https:\/\/architektweselmann.de\/wp-content\/uploads\/2021\/11\/CIMG2339-1024x529.jpg 1024w, https:\/\/architektweselmann.de\/wp-content\/uploads\/2021\/11\/CIMG2339-768x397.jpg 768w, https:\/\/architektweselmann.de\/wp-content\/uploads\/2021\/11\/CIMG2339-1536x793.jpg 1536w, https:\/\/architektweselmann.de\/wp-content\/uploads\/2021\/11\/CIMG2339-2048x1058.jpg 2048w, https:\/\/architektweselmann.de\/wp-content\/uploads\/2021\/11\/CIMG2339-150x77.jpg 150w\" sizes=\"auto, (max-width: 2469px) 100vw, 2469px\" \/><\/li>\n        <\/ul>\n        \n    <\/div>\n<\/div><\/div>\n\n\n\n<p class=\"has-text-color has-medium-font-size\" style=\"color:#1b532c\"><strong>Baumaschinenhandel Hamburg &#8211; Lurup <\/strong><\/p>\n\n\n\n<div class=\"alignnormal\"><div id=\"metaslider-id-824\" style=\"max-width: 700px;\" class=\"ml-slider-3-23-3 metaslider metaslider-responsive metaslider-824 ml-slider\">\n    <div id=\"metaslider_container_824\">\n        <ul id='metaslider_824' class='rslides'>\n            <li><img loading=\"lazy\" decoding=\"async\" width=\"2560\" height=\"1890\" src=\"https:\/\/architektweselmann.de\/wp-content\/uploads\/2021\/11\/Gewerbebau_Atlas_Fangdieckstr.-HH_2013-scaled.jpg\" class=\"slider-824 slide-827\" alt=\"\" rel=\"\" title=\"Gewerbebau_Atlas_Fangdieckstr. HH_2013\" srcset=\"https:\/\/architektweselmann.de\/wp-content\/uploads\/2021\/11\/Gewerbebau_Atlas_Fangdieckstr.-HH_2013-scaled.jpg 2560w, https:\/\/architektweselmann.de\/wp-content\/uploads\/2021\/11\/Gewerbebau_Atlas_Fangdieckstr.-HH_2013-300x222.jpg 300w, https:\/\/architektweselmann.de\/wp-content\/uploads\/2021\/11\/Gewerbebau_Atlas_Fangdieckstr.-HH_2013-1024x756.jpg 1024w, https:\/\/architektweselmann.de\/wp-content\/uploads\/2021\/11\/Gewerbebau_Atlas_Fangdieckstr.-HH_2013-768x567.jpg 768w, https:\/\/architektweselmann.de\/wp-content\/uploads\/2021\/11\/Gewerbebau_Atlas_Fangdieckstr.-HH_2013-1536x1134.jpg 1536w, https:\/\/architektweselmann.de\/wp-content\/uploads\/2021\/11\/Gewerbebau_Atlas_Fangdieckstr.-HH_2013-2048x1512.jpg 2048w, https:\/\/architektweselmann.de\/wp-content\/uploads\/2021\/11\/Gewerbebau_Atlas_Fangdieckstr.-HH_2013-150x111.jpg 150w\" sizes=\"auto, (max-width: 2560px) 100vw, 2560px\" \/><\/li>\n            <li style='display: none;'><img loading=\"lazy\" decoding=\"async\" width=\"2384\" height=\"1781\" src=\"https:\/\/architektweselmann.de\/wp-content\/uploads\/2021\/11\/Gewerbebau_Fangdieckstr._HH_2013_Atlas.jpg\" class=\"slider-824 slide-825\" alt=\"\" rel=\"\" title=\"Gewerbebau_Fangdieckstr._HH_2013_Atlas\" srcset=\"https:\/\/architektweselmann.de\/wp-content\/uploads\/2021\/11\/Gewerbebau_Fangdieckstr._HH_2013_Atlas.jpg 2384w, https:\/\/architektweselmann.de\/wp-content\/uploads\/2021\/11\/Gewerbebau_Fangdieckstr._HH_2013_Atlas-300x224.jpg 300w, https:\/\/architektweselmann.de\/wp-content\/uploads\/2021\/11\/Gewerbebau_Fangdieckstr._HH_2013_Atlas-1024x765.jpg 1024w, https:\/\/architektweselmann.de\/wp-content\/uploads\/2021\/11\/Gewerbebau_Fangdieckstr._HH_2013_Atlas-768x574.jpg 768w, https:\/\/architektweselmann.de\/wp-content\/uploads\/2021\/11\/Gewerbebau_Fangdieckstr._HH_2013_Atlas-1536x1147.jpg 1536w, https:\/\/architektweselmann.de\/wp-content\/uploads\/2021\/11\/Gewerbebau_Fangdieckstr._HH_2013_Atlas-2048x1530.jpg 2048w, https:\/\/architektweselmann.de\/wp-content\/uploads\/2021\/11\/Gewerbebau_Fangdieckstr._HH_2013_Atlas-150x112.jpg 150w\" sizes=\"auto, (max-width: 2384px) 100vw, 2384px\" \/><\/li>\n            <li style='display: none;'><img loading=\"lazy\" decoding=\"async\" width=\"2560\" height=\"1855\" src=\"https:\/\/architektweselmann.de\/wp-content\/uploads\/2021\/11\/Atlas_Fangdieckstr._HH_2013-scaled.jpg\" class=\"slider-824 slide-828\" alt=\"\" rel=\"\" title=\"Atlas_Fangdieckstr._HH_2013\" srcset=\"https:\/\/architektweselmann.de\/wp-content\/uploads\/2021\/11\/Atlas_Fangdieckstr._HH_2013-scaled.jpg 2560w, https:\/\/architektweselmann.de\/wp-content\/uploads\/2021\/11\/Atlas_Fangdieckstr._HH_2013-300x217.jpg 300w, https:\/\/architektweselmann.de\/wp-content\/uploads\/2021\/11\/Atlas_Fangdieckstr._HH_2013-1024x742.jpg 1024w, https:\/\/architektweselmann.de\/wp-content\/uploads\/2021\/11\/Atlas_Fangdieckstr._HH_2013-768x557.jpg 768w, https:\/\/architektweselmann.de\/wp-content\/uploads\/2021\/11\/Atlas_Fangdieckstr._HH_2013-1536x1113.jpg 1536w, https:\/\/architektweselmann.de\/wp-content\/uploads\/2021\/11\/Atlas_Fangdieckstr._HH_2013-2048x1484.jpg 2048w, https:\/\/architektweselmann.de\/wp-content\/uploads\/2021\/11\/Atlas_Fangdieckstr._HH_2013-150x109.jpg 150w\" sizes=\"auto, (max-width: 2560px) 100vw, 2560px\" \/><\/li>\n            <li style='display: none;'><img loading=\"lazy\" decoding=\"async\" width=\"2560\" height=\"1121\" src=\"https:\/\/architektweselmann.de\/wp-content\/uploads\/2021\/11\/Atlas-HH-1-scaled.jpg\" class=\"slider-824 slide-1100\" alt=\"\" rel=\"\" title=\"Atlas HH 1\" srcset=\"https:\/\/architektweselmann.de\/wp-content\/uploads\/2021\/11\/Atlas-HH-1-scaled.jpg 2560w, https:\/\/architektweselmann.de\/wp-content\/uploads\/2021\/11\/Atlas-HH-1-300x131.jpg 300w, https:\/\/architektweselmann.de\/wp-content\/uploads\/2021\/11\/Atlas-HH-1-1024x448.jpg 1024w, https:\/\/architektweselmann.de\/wp-content\/uploads\/2021\/11\/Atlas-HH-1-768x336.jpg 768w, https:\/\/architektweselmann.de\/wp-content\/uploads\/2021\/11\/Atlas-HH-1-1536x673.jpg 1536w, https:\/\/architektweselmann.de\/wp-content\/uploads\/2021\/11\/Atlas-HH-1-2048x897.jpg 2048w, https:\/\/architektweselmann.de\/wp-content\/uploads\/2021\/11\/Atlas-HH-1-150x66.jpg 150w\" sizes=\"auto, (max-width: 2560px) 100vw, 2560px\" \/><\/li>\n            <li style='display: none;'><img loading=\"lazy\" decoding=\"async\" width=\"2560\" height=\"1890\" src=\"https:\/\/architektweselmann.de\/wp-content\/uploads\/2021\/11\/Atlas-5-scaled.jpg\" class=\"slider-824 slide-1101\" alt=\"\" rel=\"\" title=\"Atlas 5\" srcset=\"https:\/\/architektweselmann.de\/wp-content\/uploads\/2021\/11\/Atlas-5-scaled.jpg 2560w, https:\/\/architektweselmann.de\/wp-content\/uploads\/2021\/11\/Atlas-5-300x222.jpg 300w, https:\/\/architektweselmann.de\/wp-content\/uploads\/2021\/11\/Atlas-5-1024x756.jpg 1024w, https:\/\/architektweselmann.de\/wp-content\/uploads\/2021\/11\/Atlas-5-768x567.jpg 768w, https:\/\/architektweselmann.de\/wp-content\/uploads\/2021\/11\/Atlas-5-1536x1134.jpg 1536w, https:\/\/architektweselmann.de\/wp-content\/uploads\/2021\/11\/Atlas-5-2048x1512.jpg 2048w, https:\/\/architektweselmann.de\/wp-content\/uploads\/2021\/11\/Atlas-5-150x111.jpg 150w\" sizes=\"auto, (max-width: 2560px) 100vw, 2560px\" \/><\/li>\n        <\/ul>\n        \n    <\/div>\n<\/div><\/div>\n\n\n\n<p class=\"has-text-color has-medium-font-size\" style=\"color:#1b532c\"><strong>Baufachmarkt Hollenstedt<\/strong><\/p>\n\n\n\n<div class=\"alignnormal\"><div id=\"metaslider-id-1107\" style=\"max-width: 700px;\" class=\"ml-slider-3-23-3 metaslider metaslider-responsive metaslider-1107 ml-slider\">\n    <div id=\"metaslider_container_1107\">\n        <ul id='metaslider_1107' class='rslides'>\n            <li><img loading=\"lazy\" decoding=\"async\" width=\"2560\" height=\"1440\" src=\"https:\/\/architektweselmann.de\/wp-content\/uploads\/2021\/11\/DSCN1863-scaled.jpg\" class=\"slider-1107 slide-1108\" alt=\"\" rel=\"\" title=\"DSCN1863\" srcset=\"https:\/\/architektweselmann.de\/wp-content\/uploads\/2021\/11\/DSCN1863-scaled.jpg 2560w, https:\/\/architektweselmann.de\/wp-content\/uploads\/2021\/11\/DSCN1863-300x169.jpg 300w, https:\/\/architektweselmann.de\/wp-content\/uploads\/2021\/11\/DSCN1863-1024x576.jpg 1024w, https:\/\/architektweselmann.de\/wp-content\/uploads\/2021\/11\/DSCN1863-768x432.jpg 768w, https:\/\/architektweselmann.de\/wp-content\/uploads\/2021\/11\/DSCN1863-1536x864.jpg 1536w, https:\/\/architektweselmann.de\/wp-content\/uploads\/2021\/11\/DSCN1863-2048x1152.jpg 2048w, https:\/\/architektweselmann.de\/wp-content\/uploads\/2021\/11\/DSCN1863-150x84.jpg 150w\" sizes=\"auto, (max-width: 2560px) 100vw, 2560px\" \/><\/li>\n            <li style='display: none;'><img loading=\"lazy\" decoding=\"async\" width=\"2560\" height=\"1920\" src=\"https:\/\/architektweselmann.de\/wp-content\/uploads\/2021\/11\/DSCN1502-scaled.jpg\" class=\"slider-1107 slide-1109\" alt=\"\" rel=\"\" title=\"DSCN1502\" srcset=\"https:\/\/architektweselmann.de\/wp-content\/uploads\/2021\/11\/DSCN1502-scaled.jpg 2560w, https:\/\/architektweselmann.de\/wp-content\/uploads\/2021\/11\/DSCN1502-300x225.jpg 300w, https:\/\/architektweselmann.de\/wp-content\/uploads\/2021\/11\/DSCN1502-1024x768.jpg 1024w, https:\/\/architektweselmann.de\/wp-content\/uploads\/2021\/11\/DSCN1502-768x576.jpg 768w, https:\/\/architektweselmann.de\/wp-content\/uploads\/2021\/11\/DSCN1502-1536x1152.jpg 1536w, https:\/\/architektweselmann.de\/wp-content\/uploads\/2021\/11\/DSCN1502-2048x1536.jpg 2048w, https:\/\/architektweselmann.de\/wp-content\/uploads\/2021\/11\/DSCN1502-150x113.jpg 150w\" sizes=\"auto, (max-width: 2560px) 100vw, 2560px\" \/><\/li>\n            <li style='display: none;'><img loading=\"lazy\" decoding=\"async\" width=\"2560\" height=\"1920\" src=\"https:\/\/architektweselmann.de\/wp-content\/uploads\/2021\/11\/DSCN1501-scaled.jpg\" class=\"slider-1107 slide-1110\" alt=\"\" rel=\"\" title=\"DSCN1501\" srcset=\"https:\/\/architektweselmann.de\/wp-content\/uploads\/2021\/11\/DSCN1501-scaled.jpg 2560w, https:\/\/architektweselmann.de\/wp-content\/uploads\/2021\/11\/DSCN1501-300x225.jpg 300w, https:\/\/architektweselmann.de\/wp-content\/uploads\/2021\/11\/DSCN1501-1024x768.jpg 1024w, https:\/\/architektweselmann.de\/wp-content\/uploads\/2021\/11\/DSCN1501-768x576.jpg 768w, https:\/\/architektweselmann.de\/wp-content\/uploads\/2021\/11\/DSCN1501-1536x1152.jpg 1536w, https:\/\/architektweselmann.de\/wp-content\/uploads\/2021\/11\/DSCN1501-2048x1536.jpg 2048w, https:\/\/architektweselmann.de\/wp-content\/uploads\/2021\/11\/DSCN1501-150x113.jpg 150w\" sizes=\"auto, (max-width: 2560px) 100vw, 2560px\" \/><\/li>\n            <li style='display: none;'><img loading=\"lazy\" decoding=\"async\" width=\"2560\" height=\"1920\" src=\"https:\/\/architektweselmann.de\/wp-content\/uploads\/2021\/11\/DSCN1487-scaled.jpg\" class=\"slider-1107 slide-1111\" alt=\"\" rel=\"\" title=\"DSCN1487\" srcset=\"https:\/\/architektweselmann.de\/wp-content\/uploads\/2021\/11\/DSCN1487-scaled.jpg 2560w, https:\/\/architektweselmann.de\/wp-content\/uploads\/2021\/11\/DSCN1487-300x225.jpg 300w, https:\/\/architektweselmann.de\/wp-content\/uploads\/2021\/11\/DSCN1487-1024x768.jpg 1024w, https:\/\/architektweselmann.de\/wp-content\/uploads\/2021\/11\/DSCN1487-768x576.jpg 768w, https:\/\/architektweselmann.de\/wp-content\/uploads\/2021\/11\/DSCN1487-1536x1152.jpg 1536w, https:\/\/architektweselmann.de\/wp-content\/uploads\/2021\/11\/DSCN1487-2048x1536.jpg 2048w, https:\/\/architektweselmann.de\/wp-content\/uploads\/2021\/11\/DSCN1487-150x113.jpg 150w\" sizes=\"auto, (max-width: 2560px) 100vw, 2560px\" \/><\/li>\n            <li style='display: none;'><img loading=\"lazy\" decoding=\"async\" width=\"2560\" height=\"1440\" src=\"https:\/\/architektweselmann.de\/wp-content\/uploads\/2021\/11\/DSCN1865-scaled.jpg\" class=\"slider-1107 slide-1112\" alt=\"\" rel=\"\" title=\"DSCN1865\" srcset=\"https:\/\/architektweselmann.de\/wp-content\/uploads\/2021\/11\/DSCN1865-scaled.jpg 2560w, https:\/\/architektweselmann.de\/wp-content\/uploads\/2021\/11\/DSCN1865-300x169.jpg 300w, https:\/\/architektweselmann.de\/wp-content\/uploads\/2021\/11\/DSCN1865-1024x576.jpg 1024w, https:\/\/architektweselmann.de\/wp-content\/uploads\/2021\/11\/DSCN1865-768x432.jpg 768w, https:\/\/architektweselmann.de\/wp-content\/uploads\/2021\/11\/DSCN1865-1536x864.jpg 1536w, https:\/\/architektweselmann.de\/wp-content\/uploads\/2021\/11\/DSCN1865-2048x1152.jpg 2048w, https:\/\/architektweselmann.de\/wp-content\/uploads\/2021\/11\/DSCN1865-150x84.jpg 150w\" sizes=\"auto, (max-width: 2560px) 100vw, 2560px\" \/><\/li>\n            <li style='display: none;'><img loading=\"lazy\" decoding=\"async\" width=\"2560\" height=\"1440\" src=\"https:\/\/architektweselmann.de\/wp-content\/uploads\/2021\/11\/DSCN1881-scaled.jpg\" class=\"slider-1107 slide-1113\" alt=\"\" rel=\"\" title=\"DSCN1881\" srcset=\"https:\/\/architektweselmann.de\/wp-content\/uploads\/2021\/11\/DSCN1881-scaled.jpg 2560w, https:\/\/architektweselmann.de\/wp-content\/uploads\/2021\/11\/DSCN1881-300x169.jpg 300w, https:\/\/architektweselmann.de\/wp-content\/uploads\/2021\/11\/DSCN1881-1024x576.jpg 1024w, https:\/\/architektweselmann.de\/wp-content\/uploads\/2021\/11\/DSCN1881-768x432.jpg 768w, https:\/\/architektweselmann.de\/wp-content\/uploads\/2021\/11\/DSCN1881-1536x864.jpg 1536w, https:\/\/architektweselmann.de\/wp-content\/uploads\/2021\/11\/DSCN1881-2048x1152.jpg 2048w, https:\/\/architektweselmann.de\/wp-content\/uploads\/2021\/11\/DSCN1881-150x84.jpg 150w\" sizes=\"auto, (max-width: 2560px) 100vw, 2560px\" \/><\/li>\n            <li style='display: none;'><img loading=\"lazy\" decoding=\"async\" width=\"2560\" height=\"1440\" src=\"https:\/\/architektweselmann.de\/wp-content\/uploads\/2021\/11\/DSCN2357-scaled.jpg\" class=\"slider-1107 slide-1114\" alt=\"\" rel=\"\" title=\"DSCN2357\" srcset=\"https:\/\/architektweselmann.de\/wp-content\/uploads\/2021\/11\/DSCN2357-scaled.jpg 2560w, https:\/\/architektweselmann.de\/wp-content\/uploads\/2021\/11\/DSCN2357-300x169.jpg 300w, https:\/\/architektweselmann.de\/wp-content\/uploads\/2021\/11\/DSCN2357-1024x576.jpg 1024w, https:\/\/architektweselmann.de\/wp-content\/uploads\/2021\/11\/DSCN2357-768x432.jpg 768w, https:\/\/architektweselmann.de\/wp-content\/uploads\/2021\/11\/DSCN2357-1536x864.jpg 1536w, https:\/\/architektweselmann.de\/wp-content\/uploads\/2021\/11\/DSCN2357-2048x1152.jpg 2048w, https:\/\/architektweselmann.de\/wp-content\/uploads\/2021\/11\/DSCN2357-150x84.jpg 150w\" sizes=\"auto, (max-width: 2560px) 100vw, 2560px\" \/><\/li>\n            <li style='display: none;'><img loading=\"lazy\" decoding=\"async\" width=\"2560\" height=\"1440\" src=\"https:\/\/architektweselmann.de\/wp-content\/uploads\/2021\/11\/DSCN2356-scaled.jpg\" class=\"slider-1107 slide-1115\" alt=\"\" rel=\"\" title=\"DSCN2356\" srcset=\"https:\/\/architektweselmann.de\/wp-content\/uploads\/2021\/11\/DSCN2356-scaled.jpg 2560w, https:\/\/architektweselmann.de\/wp-content\/uploads\/2021\/11\/DSCN2356-300x169.jpg 300w, https:\/\/architektweselmann.de\/wp-content\/uploads\/2021\/11\/DSCN2356-1024x576.jpg 1024w, https:\/\/architektweselmann.de\/wp-content\/uploads\/2021\/11\/DSCN2356-768x432.jpg 768w, https:\/\/architektweselmann.de\/wp-content\/uploads\/2021\/11\/DSCN2356-1536x864.jpg 1536w, https:\/\/architektweselmann.de\/wp-content\/uploads\/2021\/11\/DSCN2356-2048x1152.jpg 2048w, https:\/\/architektweselmann.de\/wp-content\/uploads\/2021\/11\/DSCN2356-150x84.jpg 150w\" sizes=\"auto, (max-width: 2560px) 100vw, 2560px\" \/><\/li>\n        <\/ul>\n        \n    <\/div>\n<\/div><\/div>\n","protected":false},"excerpt":{"rendered":"<p>Hauptkunden sind hier Werkst\u00e4tten sowie mittelst\u00e4ndische gewerbetreibende Betriebe in Hamburg und Niedersachsen. Neben bauunterhaltenden Ma\u00dfnahmen der unterschiedlichsten Bestandsbauten, \u00fcberwiegen hier die An- und Umbauw\u00fcnsche und Nutzungs\u00e4nderungen. Lagerhalle und B\u00fcro auf zwei Etagen, Hollenstedt Gewerbehalle Lissakowski Baumaschinenhandel Hamburg &#8211; Lurup Baufachmarkt Hollenstedt<\/p>\n<p> <a class=\"continue-reading-link\" href=\"https:\/\/architektweselmann.de\/?page_id=578\"><span>Continue reading<\/span><i class=\"crycon-right-dir\"><\/i><\/a> <\/p>\n","protected":false},"author":1,"featured_media":0,"parent":0,"menu_order":0,"comment_status":"closed","ping_status":"closed","template":"","meta":{"footnotes":""},"class_list":["post-578","page","type-page","status-publish","hentry"],"_links":{"self":[{"href":"https:\/\/architektweselmann.de\/index.php?rest_route=\/wp\/v2\/pages\/578","targetHints":{"allow":["GET"]}}],"collection":[{"href":"https:\/\/architektweselmann.de\/index.php?rest_route=\/wp\/v2\/pages"}],"about":[{"href":"https:\/\/architektweselmann.de\/index.php?rest_route=\/wp\/v2\/types\/page"}],"author":[{"embeddable":true,"href":"https:\/\/architektweselmann.de\/index.php?rest_route=\/wp\/v2\/users\/1"}],"replies":[{"embeddable":true,"href":"https:\/\/architektweselmann.de\/index.php?rest_route=%2Fwp%2Fv2%2Fcomments&post=578"}],"version-history":[{"count":8,"href":"https:\/\/architektweselmann.de\/index.php?rest_route=\/wp\/v2\/pages\/578\/revisions"}],"predecessor-version":[{"id":1724,"href":"https:\/\/architektweselmann.de\/index.php?rest_route=\/wp\/v2\/pages\/578\/revisions\/1724"}],"wp:attachment":[{"href":"https:\/\/architektweselmann.de\/index.php?rest_route=%2Fwp%2Fv2%2Fmedia&parent=578"}],"curies":[{"name":"wp","href":"https:\/\/api.w.org\/{rel}","templated":true}]}}