{"id":573,"date":"2021-11-17T22:02:55","date_gmt":"2021-11-17T21:02:55","guid":{"rendered":"http:\/\/dorotawp.bplaced.net\/?page_id=573"},"modified":"2021-12-06T21:17:02","modified_gmt":"2021-12-06T20:17:02","slug":"oeffentlicher-bau","status":"publish","type":"page","link":"https:\/\/architektweselmann.de\/?page_id=573","title":{"rendered":"\u00d6ffentlicher Bau"},"content":{"rendered":"\n<p class=\"has-text-color has-medium-font-size\" style=\"color:#272525\">Hauptkunde ist hier das Land Niedersachsen sowie verschiedene \u00f6ffentliche Tr\u00e4ger und Gemeinden<\/p>\n\n\n\n<p class=\"has-text-color has-medium-font-size\" style=\"color:#1b532c\"><strong>Freie Kirche Buchholz 2013<\/strong>    <\/p>\n\n\n\n<div class=\"alignnormal\"><div id=\"metaslider-id-820\" style=\"max-width: 700px;\" class=\"ml-slider-3-23-3 metaslider metaslider-responsive metaslider-820 ml-slider\">\n    <div id=\"metaslider_container_820\">\n        <ul id='metaslider_820' class='rslides'>\n            <li><img loading=\"lazy\" decoding=\"async\" width=\"2560\" height=\"1808\" src=\"https:\/\/architektweselmann.de\/wp-content\/uploads\/2021\/11\/Freie_Kirche_Buchholz_2013_IMG_4877-scaled.jpg\" class=\"slider-820 slide-821\" alt=\"\" rel=\"\" title=\"Freie_Kirche_Buchholz_2013_IMG_4877\" srcset=\"https:\/\/architektweselmann.de\/wp-content\/uploads\/2021\/11\/Freie_Kirche_Buchholz_2013_IMG_4877-scaled.jpg 2560w, https:\/\/architektweselmann.de\/wp-content\/uploads\/2021\/11\/Freie_Kirche_Buchholz_2013_IMG_4877-300x212.jpg 300w, https:\/\/architektweselmann.de\/wp-content\/uploads\/2021\/11\/Freie_Kirche_Buchholz_2013_IMG_4877-1024x723.jpg 1024w, https:\/\/architektweselmann.de\/wp-content\/uploads\/2021\/11\/Freie_Kirche_Buchholz_2013_IMG_4877-768x542.jpg 768w, https:\/\/architektweselmann.de\/wp-content\/uploads\/2021\/11\/Freie_Kirche_Buchholz_2013_IMG_4877-1536x1085.jpg 1536w, https:\/\/architektweselmann.de\/wp-content\/uploads\/2021\/11\/Freie_Kirche_Buchholz_2013_IMG_4877-2048x1447.jpg 2048w, https:\/\/architektweselmann.de\/wp-content\/uploads\/2021\/11\/Freie_Kirche_Buchholz_2013_IMG_4877-150x106.jpg 150w\" sizes=\"auto, (max-width: 2560px) 100vw, 2560px\" \/><\/li>\n            <li style='display: none;'><img loading=\"lazy\" decoding=\"async\" width=\"2560\" height=\"1804\" src=\"https:\/\/architektweselmann.de\/wp-content\/uploads\/2021\/11\/Freie_Kirch_Buchholz_2013_IMG_4881-scaled.jpg\" class=\"slider-820 slide-822\" alt=\"\" rel=\"\" title=\"Freie_Kirch_Buchholz_2013_IMG_4881\" srcset=\"https:\/\/architektweselmann.de\/wp-content\/uploads\/2021\/11\/Freie_Kirch_Buchholz_2013_IMG_4881-scaled.jpg 2560w, https:\/\/architektweselmann.de\/wp-content\/uploads\/2021\/11\/Freie_Kirch_Buchholz_2013_IMG_4881-300x211.jpg 300w, https:\/\/architektweselmann.de\/wp-content\/uploads\/2021\/11\/Freie_Kirch_Buchholz_2013_IMG_4881-1024x722.jpg 1024w, https:\/\/architektweselmann.de\/wp-content\/uploads\/2021\/11\/Freie_Kirch_Buchholz_2013_IMG_4881-768x541.jpg 768w, https:\/\/architektweselmann.de\/wp-content\/uploads\/2021\/11\/Freie_Kirch_Buchholz_2013_IMG_4881-1536x1082.jpg 1536w, https:\/\/architektweselmann.de\/wp-content\/uploads\/2021\/11\/Freie_Kirch_Buchholz_2013_IMG_4881-2048x1443.jpg 2048w, https:\/\/architektweselmann.de\/wp-content\/uploads\/2021\/11\/Freie_Kirch_Buchholz_2013_IMG_4881-150x106.jpg 150w\" sizes=\"auto, (max-width: 2560px) 100vw, 2560px\" \/><\/li>\n            <li style='display: none;'><img loading=\"lazy\" decoding=\"async\" width=\"2560\" height=\"1777\" src=\"https:\/\/architektweselmann.de\/wp-content\/uploads\/2021\/11\/Freie_Kirch_Buchholz_2013_-IMG_4879-scaled.jpg\" class=\"slider-820 slide-823\" alt=\"\" rel=\"\" title=\"Freie_Kirch_Buchholz_2013_ IMG_4879\" srcset=\"https:\/\/architektweselmann.de\/wp-content\/uploads\/2021\/11\/Freie_Kirch_Buchholz_2013_-IMG_4879-scaled.jpg 2560w, https:\/\/architektweselmann.de\/wp-content\/uploads\/2021\/11\/Freie_Kirch_Buchholz_2013_-IMG_4879-300x208.jpg 300w, https:\/\/architektweselmann.de\/wp-content\/uploads\/2021\/11\/Freie_Kirch_Buchholz_2013_-IMG_4879-1024x711.jpg 1024w, https:\/\/architektweselmann.de\/wp-content\/uploads\/2021\/11\/Freie_Kirch_Buchholz_2013_-IMG_4879-768x533.jpg 768w, https:\/\/architektweselmann.de\/wp-content\/uploads\/2021\/11\/Freie_Kirch_Buchholz_2013_-IMG_4879-1536x1066.jpg 1536w, https:\/\/architektweselmann.de\/wp-content\/uploads\/2021\/11\/Freie_Kirch_Buchholz_2013_-IMG_4879-2048x1422.jpg 2048w, https:\/\/architektweselmann.de\/wp-content\/uploads\/2021\/11\/Freie_Kirch_Buchholz_2013_-IMG_4879-150x104.jpg 150w\" sizes=\"auto, (max-width: 2560px) 100vw, 2560px\" \/><\/li>\n        <\/ul>\n        \n    <\/div>\n<\/div><\/div>\n\n\n\n<p class=\"has-text-color has-medium-font-size\" style=\"color:#1b532c\"><strong>Leben Leben Uelzen Bereich Arbeit 2017<\/strong><\/p>\n\n\n\n<div class=\"alignnormal\"><div id=\"metaslider-id-972\" style=\"max-width: 700px;\" class=\"ml-slider-3-23-3 metaslider metaslider-responsive metaslider-972 ml-slider\">\n    <div id=\"metaslider_container_972\">\n        <ul id='metaslider_972' class='rslides'>\n            <li><img loading=\"lazy\" decoding=\"async\" width=\"2560\" height=\"1280\" src=\"https:\/\/architektweselmann.de\/wp-content\/uploads\/2021\/11\/IMG_20200818_084216_resized_20200820_114232798-scaled.jpg\" class=\"slider-972 slide-973\" alt=\"\" rel=\"\" title=\"IMG_20200818_084216_resized_20200820_114232798\" srcset=\"https:\/\/architektweselmann.de\/wp-content\/uploads\/2021\/11\/IMG_20200818_084216_resized_20200820_114232798-scaled.jpg 2560w, https:\/\/architektweselmann.de\/wp-content\/uploads\/2021\/11\/IMG_20200818_084216_resized_20200820_114232798-300x150.jpg 300w, https:\/\/architektweselmann.de\/wp-content\/uploads\/2021\/11\/IMG_20200818_084216_resized_20200820_114232798-1024x512.jpg 1024w, https:\/\/architektweselmann.de\/wp-content\/uploads\/2021\/11\/IMG_20200818_084216_resized_20200820_114232798-768x384.jpg 768w, https:\/\/architektweselmann.de\/wp-content\/uploads\/2021\/11\/IMG_20200818_084216_resized_20200820_114232798-1536x768.jpg 1536w, https:\/\/architektweselmann.de\/wp-content\/uploads\/2021\/11\/IMG_20200818_084216_resized_20200820_114232798-2048x1024.jpg 2048w, https:\/\/architektweselmann.de\/wp-content\/uploads\/2021\/11\/IMG_20200818_084216_resized_20200820_114232798-150x75.jpg 150w\" sizes=\"auto, (max-width: 2560px) 100vw, 2560px\" \/><\/li>\n            <li style='display: none;'><img loading=\"lazy\" decoding=\"async\" width=\"2560\" height=\"1280\" src=\"https:\/\/architektweselmann.de\/wp-content\/uploads\/2021\/11\/IMG_20200818_084219_resized_20200820_114233337-scaled.jpg\" class=\"slider-972 slide-974\" alt=\"\" rel=\"\" title=\"IMG_20200818_084219_resized_20200820_114233337\" srcset=\"https:\/\/architektweselmann.de\/wp-content\/uploads\/2021\/11\/IMG_20200818_084219_resized_20200820_114233337-scaled.jpg 2560w, https:\/\/architektweselmann.de\/wp-content\/uploads\/2021\/11\/IMG_20200818_084219_resized_20200820_114233337-300x150.jpg 300w, https:\/\/architektweselmann.de\/wp-content\/uploads\/2021\/11\/IMG_20200818_084219_resized_20200820_114233337-1024x512.jpg 1024w, https:\/\/architektweselmann.de\/wp-content\/uploads\/2021\/11\/IMG_20200818_084219_resized_20200820_114233337-768x384.jpg 768w, https:\/\/architektweselmann.de\/wp-content\/uploads\/2021\/11\/IMG_20200818_084219_resized_20200820_114233337-1536x768.jpg 1536w, https:\/\/architektweselmann.de\/wp-content\/uploads\/2021\/11\/IMG_20200818_084219_resized_20200820_114233337-2048x1024.jpg 2048w, https:\/\/architektweselmann.de\/wp-content\/uploads\/2021\/11\/IMG_20200818_084219_resized_20200820_114233337-150x75.jpg 150w\" sizes=\"auto, (max-width: 2560px) 100vw, 2560px\" \/><\/li>\n        <\/ul>\n        \n    <\/div>\n<\/div><\/div>\n\n\n\n<p class=\"has-text-color has-medium-font-size\" style=\"color:#1b532c\"><strong><span style=\"color:#272525\" class=\"has-inline-color\">L<\/span>eben Leben Bereich Produktion 2017<\/strong><\/p>\n\n\n\n<div class=\"alignnormal\"><div id=\"metaslider-id-975\" style=\"max-width: 700px;\" class=\"ml-slider-3-23-3 metaslider metaslider-responsive metaslider-975 ml-slider\">\n    <div id=\"metaslider_container_975\">\n        <ul id='metaslider_975' class='rslides'>\n            <li><img loading=\"lazy\" decoding=\"async\" width=\"2560\" height=\"1440\" src=\"https:\/\/architektweselmann.de\/wp-content\/uploads\/2021\/11\/DSCN3996-scaled.jpg\" class=\"slider-975 slide-976\" alt=\"\" rel=\"\" title=\"DSCN3996\" srcset=\"https:\/\/architektweselmann.de\/wp-content\/uploads\/2021\/11\/DSCN3996-scaled.jpg 2560w, https:\/\/architektweselmann.de\/wp-content\/uploads\/2021\/11\/DSCN3996-300x169.jpg 300w, https:\/\/architektweselmann.de\/wp-content\/uploads\/2021\/11\/DSCN3996-1024x576.jpg 1024w, https:\/\/architektweselmann.de\/wp-content\/uploads\/2021\/11\/DSCN3996-768x432.jpg 768w, https:\/\/architektweselmann.de\/wp-content\/uploads\/2021\/11\/DSCN3996-1536x864.jpg 1536w, https:\/\/architektweselmann.de\/wp-content\/uploads\/2021\/11\/DSCN3996-2048x1152.jpg 2048w, https:\/\/architektweselmann.de\/wp-content\/uploads\/2021\/11\/DSCN3996-150x84.jpg 150w\" sizes=\"auto, (max-width: 2560px) 100vw, 2560px\" \/><\/li>\n            <li style='display: none;'><img loading=\"lazy\" decoding=\"async\" width=\"2560\" height=\"1440\" src=\"https:\/\/architektweselmann.de\/wp-content\/uploads\/2021\/11\/DSCN4006-scaled.jpg\" class=\"slider-975 slide-977\" alt=\"\" rel=\"\" title=\"DSCN4006\" srcset=\"https:\/\/architektweselmann.de\/wp-content\/uploads\/2021\/11\/DSCN4006-scaled.jpg 2560w, https:\/\/architektweselmann.de\/wp-content\/uploads\/2021\/11\/DSCN4006-300x169.jpg 300w, https:\/\/architektweselmann.de\/wp-content\/uploads\/2021\/11\/DSCN4006-1024x576.jpg 1024w, https:\/\/architektweselmann.de\/wp-content\/uploads\/2021\/11\/DSCN4006-768x432.jpg 768w, https:\/\/architektweselmann.de\/wp-content\/uploads\/2021\/11\/DSCN4006-1536x864.jpg 1536w, https:\/\/architektweselmann.de\/wp-content\/uploads\/2021\/11\/DSCN4006-2048x1152.jpg 2048w, https:\/\/architektweselmann.de\/wp-content\/uploads\/2021\/11\/DSCN4006-150x84.jpg 150w\" sizes=\"auto, (max-width: 2560px) 100vw, 2560px\" \/><\/li>\n            <li style='display: none;'><img loading=\"lazy\" decoding=\"async\" width=\"2560\" height=\"1440\" src=\"https:\/\/architektweselmann.de\/wp-content\/uploads\/2021\/11\/DSCN4003-scaled.jpg\" class=\"slider-975 slide-978\" alt=\"\" rel=\"\" title=\"DSCN4003\" srcset=\"https:\/\/architektweselmann.de\/wp-content\/uploads\/2021\/11\/DSCN4003-scaled.jpg 2560w, https:\/\/architektweselmann.de\/wp-content\/uploads\/2021\/11\/DSCN4003-300x169.jpg 300w, https:\/\/architektweselmann.de\/wp-content\/uploads\/2021\/11\/DSCN4003-1024x576.jpg 1024w, https:\/\/architektweselmann.de\/wp-content\/uploads\/2021\/11\/DSCN4003-768x432.jpg 768w, https:\/\/architektweselmann.de\/wp-content\/uploads\/2021\/11\/DSCN4003-1536x864.jpg 1536w, https:\/\/architektweselmann.de\/wp-content\/uploads\/2021\/11\/DSCN4003-2048x1152.jpg 2048w, https:\/\/architektweselmann.de\/wp-content\/uploads\/2021\/11\/DSCN4003-150x84.jpg 150w\" sizes=\"auto, (max-width: 2560px) 100vw, 2560px\" \/><\/li>\n        <\/ul>\n        \n    <\/div>\n<\/div><\/div>\n\n\n\n<p class=\"has-text-color has-medium-font-size\" style=\"color:#1b532c\"><strong>\u00c4rztehaus<\/strong><\/p>\n\n\n\n<div class=\"alignnormal\"><div id=\"metaslider-id-1099\" style=\"max-width: 700px;\" class=\"ml-slider-3-23-3 metaslider metaslider-responsive metaslider-1099 ml-slider\">\n    <div id=\"metaslider_container_1099\">\n        <ul id='metaslider_1099' class='rslides'>\n            <li><img loading=\"lazy\" decoding=\"async\" width=\"2560\" height=\"1707\" src=\"https:\/\/architektweselmann.de\/wp-content\/uploads\/2021\/11\/IMG_4774-scaled.jpg\" class=\"slider-1099 slide-1164\" alt=\"\" rel=\"\" title=\"IMG_4774\" srcset=\"https:\/\/architektweselmann.de\/wp-content\/uploads\/2021\/11\/IMG_4774-scaled.jpg 2560w, https:\/\/architektweselmann.de\/wp-content\/uploads\/2021\/11\/IMG_4774-300x200.jpg 300w, https:\/\/architektweselmann.de\/wp-content\/uploads\/2021\/11\/IMG_4774-1024x683.jpg 1024w, https:\/\/architektweselmann.de\/wp-content\/uploads\/2021\/11\/IMG_4774-768x512.jpg 768w, https:\/\/architektweselmann.de\/wp-content\/uploads\/2021\/11\/IMG_4774-1536x1024.jpg 1536w, https:\/\/architektweselmann.de\/wp-content\/uploads\/2021\/11\/IMG_4774-2048x1365.jpg 2048w, https:\/\/architektweselmann.de\/wp-content\/uploads\/2021\/11\/IMG_4774-150x100.jpg 150w\" sizes=\"auto, (max-width: 2560px) 100vw, 2560px\" \/><\/li>\n            <li style='display: none;'><img loading=\"lazy\" decoding=\"async\" width=\"2560\" height=\"1473\" src=\"https:\/\/architektweselmann.de\/wp-content\/uploads\/2021\/11\/IMG_4776-scaled.jpg\" class=\"slider-1099 slide-1163\" alt=\"\" rel=\"\" title=\"IMG_4776\" srcset=\"https:\/\/architektweselmann.de\/wp-content\/uploads\/2021\/11\/IMG_4776-scaled.jpg 2560w, https:\/\/architektweselmann.de\/wp-content\/uploads\/2021\/11\/IMG_4776-300x173.jpg 300w, https:\/\/architektweselmann.de\/wp-content\/uploads\/2021\/11\/IMG_4776-1024x589.jpg 1024w, https:\/\/architektweselmann.de\/wp-content\/uploads\/2021\/11\/IMG_4776-768x442.jpg 768w, https:\/\/architektweselmann.de\/wp-content\/uploads\/2021\/11\/IMG_4776-1536x884.jpg 1536w, https:\/\/architektweselmann.de\/wp-content\/uploads\/2021\/11\/IMG_4776-2048x1179.jpg 2048w, https:\/\/architektweselmann.de\/wp-content\/uploads\/2021\/11\/IMG_4776-150x86.jpg 150w\" sizes=\"auto, (max-width: 2560px) 100vw, 2560px\" \/><\/li>\n            <li style='display: none;'><img loading=\"lazy\" decoding=\"async\" width=\"2560\" height=\"1707\" src=\"https:\/\/architektweselmann.de\/wp-content\/uploads\/2021\/11\/IMG_4819-scaled.jpg\" class=\"slider-1099 slide-1165\" alt=\"\" rel=\"\" title=\"IMG_4819\" srcset=\"https:\/\/architektweselmann.de\/wp-content\/uploads\/2021\/11\/IMG_4819-scaled.jpg 2560w, https:\/\/architektweselmann.de\/wp-content\/uploads\/2021\/11\/IMG_4819-300x200.jpg 300w, https:\/\/architektweselmann.de\/wp-content\/uploads\/2021\/11\/IMG_4819-1024x683.jpg 1024w, https:\/\/architektweselmann.de\/wp-content\/uploads\/2021\/11\/IMG_4819-768x512.jpg 768w, https:\/\/architektweselmann.de\/wp-content\/uploads\/2021\/11\/IMG_4819-1536x1024.jpg 1536w, https:\/\/architektweselmann.de\/wp-content\/uploads\/2021\/11\/IMG_4819-2048x1365.jpg 2048w, https:\/\/architektweselmann.de\/wp-content\/uploads\/2021\/11\/IMG_4819-150x100.jpg 150w\" sizes=\"auto, (max-width: 2560px) 100vw, 2560px\" \/><\/li>\n            <li style='display: none;'><img loading=\"lazy\" decoding=\"async\" width=\"2560\" height=\"1521\" src=\"https:\/\/architektweselmann.de\/wp-content\/uploads\/2021\/11\/IMG_4820-scaled.jpg\" class=\"slider-1099 slide-1166\" alt=\"\" rel=\"\" title=\"IMG_4820\" srcset=\"https:\/\/architektweselmann.de\/wp-content\/uploads\/2021\/11\/IMG_4820-scaled.jpg 2560w, https:\/\/architektweselmann.de\/wp-content\/uploads\/2021\/11\/IMG_4820-300x178.jpg 300w, https:\/\/architektweselmann.de\/wp-content\/uploads\/2021\/11\/IMG_4820-1024x608.jpg 1024w, https:\/\/architektweselmann.de\/wp-content\/uploads\/2021\/11\/IMG_4820-768x456.jpg 768w, https:\/\/architektweselmann.de\/wp-content\/uploads\/2021\/11\/IMG_4820-1536x913.jpg 1536w, https:\/\/architektweselmann.de\/wp-content\/uploads\/2021\/11\/IMG_4820-2048x1217.jpg 2048w, https:\/\/architektweselmann.de\/wp-content\/uploads\/2021\/11\/IMG_4820-150x89.jpg 150w\" sizes=\"auto, (max-width: 2560px) 100vw, 2560px\" \/><\/li>\n            <li style='display: none;'><img loading=\"lazy\" decoding=\"async\" width=\"2560\" height=\"1707\" src=\"https:\/\/architektweselmann.de\/wp-content\/uploads\/2021\/11\/IMG_4818-scaled.jpg\" class=\"slider-1099 slide-1167\" alt=\"\" rel=\"\" title=\"IMG_4818\" srcset=\"https:\/\/architektweselmann.de\/wp-content\/uploads\/2021\/11\/IMG_4818-scaled.jpg 2560w, https:\/\/architektweselmann.de\/wp-content\/uploads\/2021\/11\/IMG_4818-300x200.jpg 300w, https:\/\/architektweselmann.de\/wp-content\/uploads\/2021\/11\/IMG_4818-1024x683.jpg 1024w, https:\/\/architektweselmann.de\/wp-content\/uploads\/2021\/11\/IMG_4818-768x512.jpg 768w, https:\/\/architektweselmann.de\/wp-content\/uploads\/2021\/11\/IMG_4818-1536x1024.jpg 1536w, https:\/\/architektweselmann.de\/wp-content\/uploads\/2021\/11\/IMG_4818-2048x1365.jpg 2048w, https:\/\/architektweselmann.de\/wp-content\/uploads\/2021\/11\/IMG_4818-150x100.jpg 150w\" sizes=\"auto, (max-width: 2560px) 100vw, 2560px\" \/><\/li>\n        <\/ul>\n        \n    <\/div>\n<\/div><\/div>\n\n\n\n<p><\/p>\n","protected":false},"excerpt":{"rendered":"<p>Hauptkunde ist hier das Land Niedersachsen sowie verschiedene \u00f6ffentliche Tr\u00e4ger und Gemeinden Freie Kirche Buchholz 2013 Leben Leben Uelzen Bereich Arbeit 2017 Leben Leben Bereich Produktion 2017 \u00c4rztehaus<\/p>\n<p> <a class=\"continue-reading-link\" href=\"https:\/\/architektweselmann.de\/?page_id=573\"><span>Continue reading<\/span><i class=\"crycon-right-dir\"><\/i><\/a> <\/p>\n","protected":false},"author":1,"featured_media":0,"parent":0,"menu_order":0,"comment_status":"closed","ping_status":"closed","template":"","meta":{"footnotes":""},"class_list":["post-573","page","type-page","status-publish","hentry"],"_links":{"self":[{"href":"https:\/\/architektweselmann.de\/index.php?rest_route=\/wp\/v2\/pages\/573","targetHints":{"allow":["GET"]}}],"collection":[{"href":"https:\/\/architektweselmann.de\/index.php?rest_route=\/wp\/v2\/pages"}],"about":[{"href":"https:\/\/architektweselmann.de\/index.php?rest_route=\/wp\/v2\/types\/page"}],"author":[{"embeddable":true,"href":"https:\/\/architektweselmann.de\/index.php?rest_route=\/wp\/v2\/users\/1"}],"replies":[{"embeddable":true,"href":"https:\/\/architektweselmann.de\/index.php?rest_route=%2Fwp%2Fv2%2Fcomments&post=573"}],"version-history":[{"count":12,"href":"https:\/\/architektweselmann.de\/index.php?rest_route=\/wp\/v2\/pages\/573\/revisions"}],"predecessor-version":[{"id":1695,"href":"https:\/\/architektweselmann.de\/index.php?rest_route=\/wp\/v2\/pages\/573\/revisions\/1695"}],"wp:attachment":[{"href":"https:\/\/architektweselmann.de\/index.php?rest_route=%2Fwp%2Fv2%2Fmedia&parent=573"}],"curies":[{"name":"wp","href":"https:\/\/api.w.org\/{rel}","templated":true}]}}