{"id":552,"date":"2021-11-15T22:35:55","date_gmt":"2021-11-15T21:35:55","guid":{"rendered":"http:\/\/dorotawp.bplaced.net\/?page_id=552"},"modified":"2021-12-07T22:32:32","modified_gmt":"2021-12-07T21:32:32","slug":"bauplanung","status":"publish","type":"page","link":"https:\/\/architektweselmann.de\/?page_id=552","title":{"rendered":"Bauplanung"},"content":{"rendered":"\n<p><\/p>\n\n\n\n<p><\/p>\n\n\n\n<p><\/p>\n\n\n\n<p class=\"has-text-align-center has-text-color has-medium-font-size\" style=\"color:#1b532c\"> <strong>Und so beginnen wir unsere Zusammenarbeit<\/strong>  <\/p>\n\n\n\n<p><\/p>\n\n\n\n<div class=\"wp-block-group\"><div class=\"wp-block-group__inner-container is-layout-flow wp-block-group-is-layout-flow\">\n<div class=\"wp-block-media-text alignwide is-stacked-on-mobile has-background\" style=\"background-color:#9bc6b9\"><figure class=\"wp-block-media-text__media\"><img loading=\"lazy\" decoding=\"async\" width=\"800\" height=\"600\" src=\"https:\/\/architektweselmann.de\/wp-content\/uploads\/2021\/11\/Bauplanung_Teaser_Fotolia_pressmaster.jpg\" alt=\"\" class=\"wp-image-997 size-full\" srcset=\"https:\/\/architektweselmann.de\/wp-content\/uploads\/2021\/11\/Bauplanung_Teaser_Fotolia_pressmaster.jpg 800w, https:\/\/architektweselmann.de\/wp-content\/uploads\/2021\/11\/Bauplanung_Teaser_Fotolia_pressmaster-300x225.jpg 300w, https:\/\/architektweselmann.de\/wp-content\/uploads\/2021\/11\/Bauplanung_Teaser_Fotolia_pressmaster-768x576.jpg 768w, https:\/\/architektweselmann.de\/wp-content\/uploads\/2021\/11\/Bauplanung_Teaser_Fotolia_pressmaster-150x113.jpg 150w\" sizes=\"auto, (max-width: 800px) 100vw, 800px\" \/><\/figure><div class=\"wp-block-media-text__content\">\n<p class=\"has-text-color has-normal-font-size\" style=\"color:#272525\">Unser erstes Treffen dient der allgmeinen Bestandsaufnahme, der Ermittlung von Bedarfen, Vorstellungen und W\u00fcnschen .   <\/p>\n<\/div><\/div>\n\n\n\n<p><\/p>\n\n\n\n<p><\/p>\n\n\n\n<p><\/p>\n\n\n\n<p><\/p>\n<\/div><\/div>\n\n\n\n<div class=\"wp-block-columns is-layout-flex wp-container-core-columns-is-layout-9d6595d7 wp-block-columns-is-layout-flex\">\n<div class=\"wp-block-column is-layout-flow wp-block-column-is-layout-flow\" style=\"flex-basis:100%\">\n<div class=\"wp-block-group\"><div class=\"wp-block-group__inner-container is-layout-flow wp-block-group-is-layout-flow\">\n<div class=\"wp-block-columns is-layout-flex wp-container-core-columns-is-layout-9d6595d7 wp-block-columns-is-layout-flex\">\n<div class=\"wp-block-column is-vertically-aligned-top is-layout-flow wp-block-column-is-layout-flow\" style=\"flex-basis:100%\">\n<div class=\"wp-block-group alignwide\"><div class=\"wp-block-group__inner-container is-layout-flow wp-block-group-is-layout-flow\">\n<p><span style=\"color:#272525\" class=\"has-inline-color\">Damit Sie m\u00f6glichst schnell einen Eindruck vom Bauvorhaben haben, werden Ihre beim ersten Treffen ermittelten Bedarfe und Vorstellungen mithilfe von Computeranimationen visualisiert<\/span>.<\/p>\n\n\n\n<figure class=\"wp-block-gallery columns-3 is-cropped wp-block-gallery-1 is-layout-flex wp-block-gallery-is-layout-flex\"><ul class=\"blocks-gallery-grid\"><li class=\"blocks-gallery-item\"><figure><img decoding=\"async\" src=\"http:\/\/architekt.weselmann.bplaced.net\/wp-content\/uploads\/2021\/11\/Dolezil-Versuch-02.jpg\" alt=\"\" data-id=\"1345\" data-link=\"http:\/\/architekt.weselmann.bplaced.net\/?attachment_id=1345\" class=\"wp-image-1345\"\/><\/figure><\/li><li class=\"blocks-gallery-item\"><figure><img loading=\"lazy\" decoding=\"async\" width=\"300\" height=\"167\" src=\"http:\/\/architekt.weselmann.bplaced.net\/wp-content\/uploads\/2021\/11\/2020-01-27-Zweifamilienhaus-am-Hang-Dolezil_3D-300x167.jpg\" alt=\"\" data-id=\"1347\" data-full-url=\"http:\/\/architekt.weselmann.bplaced.net\/wp-content\/uploads\/2021\/11\/2020-01-27-Zweifamilienhaus-am-Hang-Dolezil_3D.jpg\" data-link=\"http:\/\/architekt.weselmann.bplaced.net\/?attachment_id=1347\" class=\"wp-image-1347\" srcset=\"https:\/\/architektweselmann.de\/wp-content\/uploads\/2021\/11\/2020-01-27-Zweifamilienhaus-am-Hang-Dolezil_3D-300x167.jpg 300w, https:\/\/architektweselmann.de\/wp-content\/uploads\/2021\/11\/2020-01-27-Zweifamilienhaus-am-Hang-Dolezil_3D-1024x571.jpg 1024w, https:\/\/architektweselmann.de\/wp-content\/uploads\/2021\/11\/2020-01-27-Zweifamilienhaus-am-Hang-Dolezil_3D-768x428.jpg 768w, https:\/\/architektweselmann.de\/wp-content\/uploads\/2021\/11\/2020-01-27-Zweifamilienhaus-am-Hang-Dolezil_3D-150x84.jpg 150w, https:\/\/architektweselmann.de\/wp-content\/uploads\/2021\/11\/2020-01-27-Zweifamilienhaus-am-Hang-Dolezil_3D.jpg 1492w\" sizes=\"auto, (max-width: 300px) 100vw, 300px\" \/><\/figure><\/li><li class=\"blocks-gallery-item\"><figure><img loading=\"lazy\" decoding=\"async\" width=\"300\" height=\"167\" src=\"http:\/\/architekt.weselmann.bplaced.net\/wp-content\/uploads\/2021\/11\/2020-01-27-Zweifamilienhaus-am-Hang-Dolezil_3D_2-300x167.jpg\" alt=\"\" data-id=\"1346\" data-full-url=\"http:\/\/architekt.weselmann.bplaced.net\/wp-content\/uploads\/2021\/11\/2020-01-27-Zweifamilienhaus-am-Hang-Dolezil_3D_2.jpg\" data-link=\"http:\/\/architekt.weselmann.bplaced.net\/?attachment_id=1346\" class=\"wp-image-1346\" srcset=\"https:\/\/architektweselmann.de\/wp-content\/uploads\/2021\/11\/2020-01-27-Zweifamilienhaus-am-Hang-Dolezil_3D_2-300x167.jpg 300w, https:\/\/architektweselmann.de\/wp-content\/uploads\/2021\/11\/2020-01-27-Zweifamilienhaus-am-Hang-Dolezil_3D_2-1024x570.jpg 1024w, https:\/\/architektweselmann.de\/wp-content\/uploads\/2021\/11\/2020-01-27-Zweifamilienhaus-am-Hang-Dolezil_3D_2-768x428.jpg 768w, https:\/\/architektweselmann.de\/wp-content\/uploads\/2021\/11\/2020-01-27-Zweifamilienhaus-am-Hang-Dolezil_3D_2-150x84.jpg 150w, https:\/\/architektweselmann.de\/wp-content\/uploads\/2021\/11\/2020-01-27-Zweifamilienhaus-am-Hang-Dolezil_3D_2.jpg 1499w\" sizes=\"auto, (max-width: 300px) 100vw, 300px\" \/><\/figure><\/li><\/ul><\/figure>\n<\/div><\/div>\n<\/div>\n<\/div>\n<\/div><\/div>\n\n\n\n<p class=\"has-normal-font-size\"><span style=\"color:#272525\" class=\"has-inline-color\">Als n\u00e4chstes widmen wir uns der Kostensch\u00e4tzung und -berechnung. Wir achten dabei auf Ihre finanziellen M\u00f6glichkeiten und suchen nach optimalen L\u00f6sungen, die das Baumvorhaben sicherstellen.  <\/span><\/p>\n\n\n\n<p class=\"has-normal-font-size\"><span style=\"color:#272525\" class=\"has-inline-color\">Wir gehen detailliert auf Ihre W\u00fcnsche und Anforderungen ein. Alle Erfordernisse, ob aus der planungs- und baurechtlichen, wirtschaftlichen, gestalterischen, \u00f6kologischen, bauphysikalischen, konstruktiven oder energetischen Sicht betrachtet, werden konsequent  zu einem Entwurf umgesetzt. <\/span><br><br><span style=\"color:#272525\" class=\"has-inline-color\">Eine detaillierte Ausf\u00fchrungsplanung und die enge Zusammenarbeit mit leistungsstarken Firmen sichern eine hohe Bauqualit\u00e4t im vorgegebenen Kosten- und Zeitrahmen. <\/span><\/p>\n<\/div>\n<\/div>\n\n\n\n<p><\/p>\n\n\n\n<p><\/p>\n\n\n\n<p><\/p>\n\n\n\n<p class=\"has-text-align-center has-text-color has-medium-font-size\" style=\"color:#1b532c\"><strong><span style=\"color:#1b532c\" class=\"has-inline-color\">Und so vollenden wir unsere Zusammenarbeit<\/span><\/strong><\/p>\n\n\n\n<p><\/p>\n\n\n\n<div class=\"wp-block-media-text alignwide is-stacked-on-mobile has-background\" style=\"background-color:#9bc6b9\"><figure class=\"wp-block-media-text__media\"><img loading=\"lazy\" decoding=\"async\" width=\"424\" height=\"283\" src=\"http:\/\/dorotawp.bplaced.net\/wp-content\/uploads\/2021\/11\/richtkranz-zum-richtfest-1.jpg\" alt=\"\" class=\"wp-image-1019 size-full\" srcset=\"https:\/\/architektweselmann.de\/wp-content\/uploads\/2021\/11\/richtkranz-zum-richtfest-1.jpg 424w, https:\/\/architektweselmann.de\/wp-content\/uploads\/2021\/11\/richtkranz-zum-richtfest-1-300x200.jpg 300w, https:\/\/architektweselmann.de\/wp-content\/uploads\/2021\/11\/richtkranz-zum-richtfest-1-150x100.jpg 150w\" sizes=\"auto, (max-width: 424px) 100vw, 424px\" \/><\/figure><div class=\"wp-block-media-text__content\">\n<p class=\"has-normal-font-size\"><span style=\"color:#272525\" class=\"has-inline-color\">Wir sind erst zufrieden, wenn wir Sie mit unserer Arbeit \u00fcberzeugen konnten. Anschlie\u00dfend, nach der erfolgreichen Fertigstellung des Bauvorhabens, muss selbstverst\u00e4ndlich gefeiert werden.  <\/span><\/p>\n<\/div><\/div>\n\n\n\n<p class=\"has-medium-font-size\"><\/p>\n\n\n\n<p><\/p>\n\n\n\n<ul class=\"wp-block-list\"><li><\/li><\/ul>\n","protected":false},"excerpt":{"rendered":"<p>Und so beginnen wir unsere Zusammenarbeit Unser erstes Treffen dient der allgmeinen Bestandsaufnahme, der Ermittlung von Bedarfen, Vorstellungen und W\u00fcnschen . Damit Sie m\u00f6glichst schnell einen Eindruck vom Bauvorhaben haben, werden Ihre beim ersten Treffen ermittelten Bedarfe und Vorstellungen mithilfe von Computeranimationen visualisiert. Als n\u00e4chstes widmen wir uns der Kostensch\u00e4tzung&#8230;<\/p>\n<p> <a class=\"continue-reading-link\" href=\"https:\/\/architektweselmann.de\/?page_id=552\"><span>Continue reading<\/span><i class=\"crycon-right-dir\"><\/i><\/a> <\/p>\n","protected":false},"author":1,"featured_media":0,"parent":0,"menu_order":0,"comment_status":"closed","ping_status":"closed","template":"","meta":{"footnotes":""},"class_list":["post-552","page","type-page","status-publish","hentry"],"_links":{"self":[{"href":"https:\/\/architektweselmann.de\/index.php?rest_route=\/wp\/v2\/pages\/552","targetHints":{"allow":["GET"]}}],"collection":[{"href":"https:\/\/architektweselmann.de\/index.php?rest_route=\/wp\/v2\/pages"}],"about":[{"href":"https:\/\/architektweselmann.de\/index.php?rest_route=\/wp\/v2\/types\/page"}],"author":[{"embeddable":true,"href":"https:\/\/architektweselmann.de\/index.php?rest_route=\/wp\/v2\/users\/1"}],"replies":[{"embeddable":true,"href":"https:\/\/architektweselmann.de\/index.php?rest_route=%2Fwp%2Fv2%2Fcomments&post=552"}],"version-history":[{"count":32,"href":"https:\/\/architektweselmann.de\/index.php?rest_route=\/wp\/v2\/pages\/552\/revisions"}],"predecessor-version":[{"id":1736,"href":"https:\/\/architektweselmann.de\/index.php?rest_route=\/wp\/v2\/pages\/552\/revisions\/1736"}],"wp:attachment":[{"href":"https:\/\/architektweselmann.de\/index.php?rest_route=%2Fwp%2Fv2%2Fmedia&parent=552"}],"curies":[{"name":"wp","href":"https:\/\/api.w.org\/{rel}","templated":true}]}}