{"id":1250,"date":"2021-11-25T00:01:18","date_gmt":"2021-11-24T23:01:18","guid":{"rendered":"http:\/\/dorotawp.bplaced.net\/?page_id=1250"},"modified":"2021-12-07T22:00:56","modified_gmt":"2021-12-07T21:00:56","slug":"einfamilien-und-doppelhaeuser-2","status":"publish","type":"page","link":"https:\/\/architektweselmann.de\/?page_id=1250","title":{"rendered":"Einfamilien- und Doppelh\u00e4user"},"content":{"rendered":"\n<p class=\"has-text-color has-medium-font-size\" style=\"color:#1b532c\"><strong>Einfamilienhaus Maschen <\/strong><\/p>\n\n\n\n<div class=\"alignnormal\"><div id=\"metaslider-id-677\" style=\"max-width: 700px;\" class=\"ml-slider-3-23-3 metaslider metaslider-responsive metaslider-677 ml-slider\">\n    <div id=\"metaslider_container_677\">\n        <ul id='metaslider_677' class='rslides'>\n            <li><img loading=\"lazy\" decoding=\"async\" width=\"2139\" height=\"2024\" src=\"https:\/\/architektweselmann.de\/wp-content\/uploads\/2021\/11\/ArchitenktenhausMeister_Machen_IJuni_2013_MG_4907-1.jpg\" class=\"slider-677 slide-679\" alt=\"\" rel=\"\" title=\"ArchitenktenhausMeister_Machen_IJuni_2013_MG_4907-1\" srcset=\"https:\/\/architektweselmann.de\/wp-content\/uploads\/2021\/11\/ArchitenktenhausMeister_Machen_IJuni_2013_MG_4907-1.jpg 2139w, https:\/\/architektweselmann.de\/wp-content\/uploads\/2021\/11\/ArchitenktenhausMeister_Machen_IJuni_2013_MG_4907-1-300x284.jpg 300w, https:\/\/architektweselmann.de\/wp-content\/uploads\/2021\/11\/ArchitenktenhausMeister_Machen_IJuni_2013_MG_4907-1-1024x969.jpg 1024w, https:\/\/architektweselmann.de\/wp-content\/uploads\/2021\/11\/ArchitenktenhausMeister_Machen_IJuni_2013_MG_4907-1-768x727.jpg 768w, https:\/\/architektweselmann.de\/wp-content\/uploads\/2021\/11\/ArchitenktenhausMeister_Machen_IJuni_2013_MG_4907-1-1536x1453.jpg 1536w, https:\/\/architektweselmann.de\/wp-content\/uploads\/2021\/11\/ArchitenktenhausMeister_Machen_IJuni_2013_MG_4907-1-2048x1938.jpg 2048w, https:\/\/architektweselmann.de\/wp-content\/uploads\/2021\/11\/ArchitenktenhausMeister_Machen_IJuni_2013_MG_4907-1-150x142.jpg 150w\" sizes=\"auto, (max-width: 2139px) 100vw, 2139px\" \/><\/li>\n            <li style='display: none;'><img loading=\"lazy\" decoding=\"async\" width=\"2560\" height=\"1707\" src=\"https:\/\/architektweselmann.de\/wp-content\/uploads\/2021\/11\/ArchitektenhausMeister_Maschen_Juni_2013_IMG_4908-2-scaled.jpg\" class=\"slider-677 slide-678\" alt=\"\" rel=\"\" title=\"ArchitektenhausMeister_Maschen_Juni_2013_IMG_4908-2\" srcset=\"https:\/\/architektweselmann.de\/wp-content\/uploads\/2021\/11\/ArchitektenhausMeister_Maschen_Juni_2013_IMG_4908-2-scaled.jpg 2560w, https:\/\/architektweselmann.de\/wp-content\/uploads\/2021\/11\/ArchitektenhausMeister_Maschen_Juni_2013_IMG_4908-2-scaled-300x200.jpg 300w, https:\/\/architektweselmann.de\/wp-content\/uploads\/2021\/11\/ArchitektenhausMeister_Maschen_Juni_2013_IMG_4908-2-scaled-1024x683.jpg 1024w, https:\/\/architektweselmann.de\/wp-content\/uploads\/2021\/11\/ArchitektenhausMeister_Maschen_Juni_2013_IMG_4908-2-768x512.jpg 768w, https:\/\/architektweselmann.de\/wp-content\/uploads\/2021\/11\/ArchitektenhausMeister_Maschen_Juni_2013_IMG_4908-2-scaled-1536x1024.jpg 1536w, https:\/\/architektweselmann.de\/wp-content\/uploads\/2021\/11\/ArchitektenhausMeister_Maschen_Juni_2013_IMG_4908-2-scaled-2048x1366.jpg 2048w, https:\/\/architektweselmann.de\/wp-content\/uploads\/2021\/11\/ArchitektenhausMeister_Maschen_Juni_2013_IMG_4908-2-scaled-150x100.jpg 150w\" sizes=\"auto, (max-width: 2560px) 100vw, 2560px\" \/><\/li>\n        <\/ul>\n        \n    <\/div>\n<\/div><\/div>\n\n\n\n<p class=\"has-text-color has-medium-font-size\" style=\"color:#1b5322\"><strong>Bauhaus Radbruch <\/strong><\/p>\n\n\n\n<div class=\"alignnormal\"><div id=\"metaslider-id-663\" style=\"max-width: 700px;\" class=\"ml-slider-3-23-3 metaslider metaslider-responsive metaslider-663 ml-slider\">\n    <div id=\"metaslider_container_663\">\n        <ul id='metaslider_663' class='rslides'>\n            <li><img loading=\"lazy\" decoding=\"async\" width=\"2560\" height=\"1648\" src=\"https:\/\/architektweselmann.de\/wp-content\/uploads\/2021\/11\/Bauhaus_Radbruch_2013_-IMG_4911-1-scaled.jpg\" class=\"slider-663 slide-664\" alt=\"\" rel=\"\" title=\"Bauhaus_Radbruch_2013_-IMG_4911-1\" srcset=\"https:\/\/architektweselmann.de\/wp-content\/uploads\/2021\/11\/Bauhaus_Radbruch_2013_-IMG_4911-1-scaled.jpg 2560w, https:\/\/architektweselmann.de\/wp-content\/uploads\/2021\/11\/Bauhaus_Radbruch_2013_-IMG_4911-1-300x193.jpg 300w, https:\/\/architektweselmann.de\/wp-content\/uploads\/2021\/11\/Bauhaus_Radbruch_2013_-IMG_4911-1-1024x659.jpg 1024w, https:\/\/architektweselmann.de\/wp-content\/uploads\/2021\/11\/Bauhaus_Radbruch_2013_-IMG_4911-1-768x494.jpg 768w, https:\/\/architektweselmann.de\/wp-content\/uploads\/2021\/11\/Bauhaus_Radbruch_2013_-IMG_4911-1-1536x989.jpg 1536w, https:\/\/architektweselmann.de\/wp-content\/uploads\/2021\/11\/Bauhaus_Radbruch_2013_-IMG_4911-1-2048x1319.jpg 2048w, https:\/\/architektweselmann.de\/wp-content\/uploads\/2021\/11\/Bauhaus_Radbruch_2013_-IMG_4911-1-150x97.jpg 150w\" sizes=\"auto, (max-width: 2560px) 100vw, 2560px\" \/><div class=\"caption-wrap\"><div class=\"caption\">Bauhaus vordere Seite<\/div><\/div><\/li>\n            <li style='display: none;'><img loading=\"lazy\" decoding=\"async\" width=\"2560\" height=\"1673\" src=\"https:\/\/architektweselmann.de\/wp-content\/uploads\/2021\/11\/Bauhaus_Radbruch_2013_IMG_4916-1-scaled.jpg\" class=\"slider-663 slide-665\" alt=\"\" rel=\"\" title=\"Bauhaus_Radbruch_2013_IMG_4916-1\" srcset=\"https:\/\/architektweselmann.de\/wp-content\/uploads\/2021\/11\/Bauhaus_Radbruch_2013_IMG_4916-1-scaled.jpg 2560w, https:\/\/architektweselmann.de\/wp-content\/uploads\/2021\/11\/Bauhaus_Radbruch_2013_IMG_4916-1-300x196.jpg 300w, https:\/\/architektweselmann.de\/wp-content\/uploads\/2021\/11\/Bauhaus_Radbruch_2013_IMG_4916-1-1024x669.jpg 1024w, https:\/\/architektweselmann.de\/wp-content\/uploads\/2021\/11\/Bauhaus_Radbruch_2013_IMG_4916-1-768x502.jpg 768w, https:\/\/architektweselmann.de\/wp-content\/uploads\/2021\/11\/Bauhaus_Radbruch_2013_IMG_4916-1-1536x1004.jpg 1536w, https:\/\/architektweselmann.de\/wp-content\/uploads\/2021\/11\/Bauhaus_Radbruch_2013_IMG_4916-1-2048x1339.jpg 2048w, https:\/\/architektweselmann.de\/wp-content\/uploads\/2021\/11\/Bauhaus_Radbruch_2013_IMG_4916-1-150x98.jpg 150w\" sizes=\"auto, (max-width: 2560px) 100vw, 2560px\" \/><div class=\"caption-wrap\"><div class=\"caption\">Bauhaus von links<\/div><\/div><\/li>\n            <li style='display: none;'><img loading=\"lazy\" decoding=\"async\" width=\"2560\" height=\"1936\" src=\"https:\/\/architektweselmann.de\/wp-content\/uploads\/2021\/11\/Bauhaus_Radbruch_2013_IMG_4924-scaled.jpg\" class=\"slider-663 slide-666\" alt=\"\" rel=\"\" title=\"Bauhaus_Radbruch_2013_IMG_4924\" srcset=\"https:\/\/architektweselmann.de\/wp-content\/uploads\/2021\/11\/Bauhaus_Radbruch_2013_IMG_4924-scaled.jpg 2560w, https:\/\/architektweselmann.de\/wp-content\/uploads\/2021\/11\/Bauhaus_Radbruch_2013_IMG_4924-scaled-300x227.jpg 300w, https:\/\/architektweselmann.de\/wp-content\/uploads\/2021\/11\/Bauhaus_Radbruch_2013_IMG_4924-scaled-1024x774.jpg 1024w, https:\/\/architektweselmann.de\/wp-content\/uploads\/2021\/11\/Bauhaus_Radbruch_2013_IMG_4924-768x581.jpg 768w, https:\/\/architektweselmann.de\/wp-content\/uploads\/2021\/11\/Bauhaus_Radbruch_2013_IMG_4924-scaled-1536x1162.jpg 1536w, https:\/\/architektweselmann.de\/wp-content\/uploads\/2021\/11\/Bauhaus_Radbruch_2013_IMG_4924-scaled-2048x1549.jpg 2048w, https:\/\/architektweselmann.de\/wp-content\/uploads\/2021\/11\/Bauhaus_Radbruch_2013_IMG_4924-scaled-150x113.jpg 150w\" sizes=\"auto, (max-width: 2560px) 100vw, 2560px\" \/><div class=\"caption-wrap\"><div class=\"caption\">Bauhaus von rechts<\/div><\/div><\/li>\n            <li style='display: none;'><img loading=\"lazy\" decoding=\"async\" width=\"2560\" height=\"1648\" src=\"https:\/\/architektweselmann.de\/wp-content\/uploads\/2021\/11\/Bauhaus_Radbruch_2013_-IMG_4911-scaled.jpg\" class=\"slider-663 slide-668\" alt=\"\" rel=\"\" title=\"Bauhaus_Radbruch_2013_ IMG_4911\" srcset=\"https:\/\/architektweselmann.de\/wp-content\/uploads\/2021\/11\/Bauhaus_Radbruch_2013_-IMG_4911-scaled.jpg 2560w, https:\/\/architektweselmann.de\/wp-content\/uploads\/2021\/11\/Bauhaus_Radbruch_2013_-IMG_4911-scaled-300x193.jpg 300w, https:\/\/architektweselmann.de\/wp-content\/uploads\/2021\/11\/Bauhaus_Radbruch_2013_-IMG_4911-scaled-1024x659.jpg 1024w, https:\/\/architektweselmann.de\/wp-content\/uploads\/2021\/11\/Bauhaus_Radbruch_2013_-IMG_4911-768x494.jpg 768w, https:\/\/architektweselmann.de\/wp-content\/uploads\/2021\/11\/Bauhaus_Radbruch_2013_-IMG_4911-scaled-1536x989.jpg 1536w, https:\/\/architektweselmann.de\/wp-content\/uploads\/2021\/11\/Bauhaus_Radbruch_2013_-IMG_4911-scaled-2048x1318.jpg 2048w, https:\/\/architektweselmann.de\/wp-content\/uploads\/2021\/11\/Bauhaus_Radbruch_2013_-IMG_4911-scaled-150x97.jpg 150w\" sizes=\"auto, (max-width: 2560px) 100vw, 2560px\" \/><\/li>\n        <\/ul>\n        \n    <\/div>\n<\/div><\/div>\n\n\n\n<p class=\"has-text-color has-medium-font-size\" style=\"color:#1b5322\"><strong>EFH Dierstorf <\/strong><\/p>\n\n\n\n<div class=\"alignnormal\"><div id=\"metaslider-id-738\" style=\"max-width: 700px;\" class=\"ml-slider-3-23-3 metaslider metaslider-responsive metaslider-738 ml-slider\">\n    <div id=\"metaslider_container_738\">\n        <ul id='metaslider_738' class='rslides'>\n            <li><img loading=\"lazy\" decoding=\"async\" width=\"2560\" height=\"1707\" src=\"https:\/\/architektweselmann.de\/wp-content\/uploads\/2021\/11\/EFH_Mueller_Huber_Dierstorf_2013_IMG_4840-scaled.jpg\" class=\"slider-738 slide-739\" alt=\"\" rel=\"\" title=\"EFH_Mueller_Huber_Dierstorf_2013_IMG_4840\" srcset=\"https:\/\/architektweselmann.de\/wp-content\/uploads\/2021\/11\/EFH_Mueller_Huber_Dierstorf_2013_IMG_4840-scaled.jpg 2560w, https:\/\/architektweselmann.de\/wp-content\/uploads\/2021\/11\/EFH_Mueller_Huber_Dierstorf_2013_IMG_4840-300x200.jpg 300w, https:\/\/architektweselmann.de\/wp-content\/uploads\/2021\/11\/EFH_Mueller_Huber_Dierstorf_2013_IMG_4840-1024x683.jpg 1024w, https:\/\/architektweselmann.de\/wp-content\/uploads\/2021\/11\/EFH_Mueller_Huber_Dierstorf_2013_IMG_4840-768x512.jpg 768w, https:\/\/architektweselmann.de\/wp-content\/uploads\/2021\/11\/EFH_Mueller_Huber_Dierstorf_2013_IMG_4840-1536x1024.jpg 1536w, https:\/\/architektweselmann.de\/wp-content\/uploads\/2021\/11\/EFH_Mueller_Huber_Dierstorf_2013_IMG_4840-2048x1365.jpg 2048w, https:\/\/architektweselmann.de\/wp-content\/uploads\/2021\/11\/EFH_Mueller_Huber_Dierstorf_2013_IMG_4840-150x100.jpg 150w\" sizes=\"auto, (max-width: 2560px) 100vw, 2560px\" \/><\/li>\n            <li style='display: none;'><img loading=\"lazy\" decoding=\"async\" width=\"1707\" height=\"2560\" src=\"https:\/\/architektweselmann.de\/wp-content\/uploads\/2021\/11\/EFH_Mueller_Huber_Dierstorf_2013_IMG_4844-scaled-e1637364021634.jpg\" class=\"slider-738 slide-740\" alt=\"\" rel=\"\" title=\"EFH_Mueller_Huber_Dierstorf_2013_IMG_4844\" srcset=\"https:\/\/architektweselmann.de\/wp-content\/uploads\/2021\/11\/EFH_Mueller_Huber_Dierstorf_2013_IMG_4844-scaled-e1637364021634.jpg 1707w, https:\/\/architektweselmann.de\/wp-content\/uploads\/2021\/11\/EFH_Mueller_Huber_Dierstorf_2013_IMG_4844-scaled-e1637364021634-200x300.jpg 200w, https:\/\/architektweselmann.de\/wp-content\/uploads\/2021\/11\/EFH_Mueller_Huber_Dierstorf_2013_IMG_4844-scaled-e1637364021634-683x1024.jpg 683w, https:\/\/architektweselmann.de\/wp-content\/uploads\/2021\/11\/EFH_Mueller_Huber_Dierstorf_2013_IMG_4844-scaled-e1637364021634-768x1152.jpg 768w, https:\/\/architektweselmann.de\/wp-content\/uploads\/2021\/11\/EFH_Mueller_Huber_Dierstorf_2013_IMG_4844-scaled-e1637364021634-1024x1536.jpg 1024w, https:\/\/architektweselmann.de\/wp-content\/uploads\/2021\/11\/EFH_Mueller_Huber_Dierstorf_2013_IMG_4844-scaled-e1637364021634-1366x2048.jpg 1366w, https:\/\/architektweselmann.de\/wp-content\/uploads\/2021\/11\/EFH_Mueller_Huber_Dierstorf_2013_IMG_4844-scaled-e1637364021634-100x150.jpg 100w\" sizes=\"auto, (max-width: 1707px) 100vw, 1707px\" \/><\/li>\n            <li style='display: none;'><img loading=\"lazy\" decoding=\"async\" width=\"2560\" height=\"1707\" src=\"https:\/\/architektweselmann.de\/wp-content\/uploads\/2021\/11\/EFH_Mueller_Huber_Dierstorf-scaled.jpg\" class=\"slider-738 slide-741\" alt=\"\" rel=\"\" title=\"EFH_Mueller_Huber_Dierstorf\" srcset=\"https:\/\/architektweselmann.de\/wp-content\/uploads\/2021\/11\/EFH_Mueller_Huber_Dierstorf-scaled.jpg 2560w, https:\/\/architektweselmann.de\/wp-content\/uploads\/2021\/11\/EFH_Mueller_Huber_Dierstorf-300x200.jpg 300w, https:\/\/architektweselmann.de\/wp-content\/uploads\/2021\/11\/EFH_Mueller_Huber_Dierstorf-1024x683.jpg 1024w, https:\/\/architektweselmann.de\/wp-content\/uploads\/2021\/11\/EFH_Mueller_Huber_Dierstorf-768x512.jpg 768w, https:\/\/architektweselmann.de\/wp-content\/uploads\/2021\/11\/EFH_Mueller_Huber_Dierstorf-1536x1024.jpg 1536w, https:\/\/architektweselmann.de\/wp-content\/uploads\/2021\/11\/EFH_Mueller_Huber_Dierstorf-2048x1365.jpg 2048w, https:\/\/architektweselmann.de\/wp-content\/uploads\/2021\/11\/EFH_Mueller_Huber_Dierstorf-150x100.jpg 150w\" sizes=\"auto, (max-width: 2560px) 100vw, 2560px\" \/><\/li>\n        <\/ul>\n        \n    <\/div>\n<\/div><\/div>\n\n\n\n<p class=\"has-text-color has-medium-font-size\" style=\"color:#1b5322\"><strong>Mediterranes Doppelhaus Obstwiese Moisburg <\/strong><\/p>\n\n\n\n<div class=\"alignnormal\"><div id=\"metaslider-id-744\" style=\"max-width: 700px;\" class=\"ml-slider-3-23-3 metaslider metaslider-responsive metaslider-744 ml-slider\">\n    <div id=\"metaslider_container_744\">\n        <ul id='metaslider_744' class='rslides'>\n            <li><img loading=\"lazy\" decoding=\"async\" width=\"2560\" height=\"1370\" src=\"https:\/\/architektweselmann.de\/wp-content\/uploads\/2021\/11\/IMG_4942_mediteranes_Doppelhaus_Obstwiese_Moisburg_2013-scaled.jpg\" class=\"slider-744 slide-745\" alt=\"\" rel=\"\" title=\"IMG_4942_mediteranes_Doppelhaus_Obstwiese_Moisburg_2013\" srcset=\"https:\/\/architektweselmann.de\/wp-content\/uploads\/2021\/11\/IMG_4942_mediteranes_Doppelhaus_Obstwiese_Moisburg_2013-scaled.jpg 2560w, https:\/\/architektweselmann.de\/wp-content\/uploads\/2021\/11\/IMG_4942_mediteranes_Doppelhaus_Obstwiese_Moisburg_2013-300x161.jpg 300w, https:\/\/architektweselmann.de\/wp-content\/uploads\/2021\/11\/IMG_4942_mediteranes_Doppelhaus_Obstwiese_Moisburg_2013-1024x548.jpg 1024w, https:\/\/architektweselmann.de\/wp-content\/uploads\/2021\/11\/IMG_4942_mediteranes_Doppelhaus_Obstwiese_Moisburg_2013-768x411.jpg 768w, https:\/\/architektweselmann.de\/wp-content\/uploads\/2021\/11\/IMG_4942_mediteranes_Doppelhaus_Obstwiese_Moisburg_2013-1536x822.jpg 1536w, https:\/\/architektweselmann.de\/wp-content\/uploads\/2021\/11\/IMG_4942_mediteranes_Doppelhaus_Obstwiese_Moisburg_2013-2048x1096.jpg 2048w, https:\/\/architektweselmann.de\/wp-content\/uploads\/2021\/11\/IMG_4942_mediteranes_Doppelhaus_Obstwiese_Moisburg_2013-150x80.jpg 150w\" sizes=\"auto, (max-width: 2560px) 100vw, 2560px\" \/><\/li>\n            <li style='display: none;'><img loading=\"lazy\" decoding=\"async\" width=\"2560\" height=\"1590\" src=\"https:\/\/architektweselmann.de\/wp-content\/uploads\/2021\/11\/IMG_4941-scaled.jpg\" class=\"slider-744 slide-747\" alt=\"\" rel=\"\" title=\"IMG_4941\" srcset=\"https:\/\/architektweselmann.de\/wp-content\/uploads\/2021\/11\/IMG_4941-scaled.jpg 2560w, https:\/\/architektweselmann.de\/wp-content\/uploads\/2021\/11\/IMG_4941-300x186.jpg 300w, https:\/\/architektweselmann.de\/wp-content\/uploads\/2021\/11\/IMG_4941-1024x636.jpg 1024w, https:\/\/architektweselmann.de\/wp-content\/uploads\/2021\/11\/IMG_4941-768x477.jpg 768w, https:\/\/architektweselmann.de\/wp-content\/uploads\/2021\/11\/IMG_4941-1536x954.jpg 1536w, https:\/\/architektweselmann.de\/wp-content\/uploads\/2021\/11\/IMG_4941-2048x1272.jpg 2048w, https:\/\/architektweselmann.de\/wp-content\/uploads\/2021\/11\/IMG_4941-150x93.jpg 150w\" sizes=\"auto, (max-width: 2560px) 100vw, 2560px\" \/><\/li>\n            <li style='display: none;'><img loading=\"lazy\" decoding=\"async\" width=\"2560\" height=\"1358\" src=\"https:\/\/architektweselmann.de\/wp-content\/uploads\/2021\/11\/IMG_4940-scaled.jpg\" class=\"slider-744 slide-748\" alt=\"\" rel=\"\" title=\"IMG_4940\" srcset=\"https:\/\/architektweselmann.de\/wp-content\/uploads\/2021\/11\/IMG_4940-scaled.jpg 2560w, https:\/\/architektweselmann.de\/wp-content\/uploads\/2021\/11\/IMG_4940-300x159.jpg 300w, https:\/\/architektweselmann.de\/wp-content\/uploads\/2021\/11\/IMG_4940-1024x543.jpg 1024w, https:\/\/architektweselmann.de\/wp-content\/uploads\/2021\/11\/IMG_4940-768x407.jpg 768w, https:\/\/architektweselmann.de\/wp-content\/uploads\/2021\/11\/IMG_4940-1536x815.jpg 1536w, https:\/\/architektweselmann.de\/wp-content\/uploads\/2021\/11\/IMG_4940-2048x1086.jpg 2048w, https:\/\/architektweselmann.de\/wp-content\/uploads\/2021\/11\/IMG_4940-150x80.jpg 150w\" sizes=\"auto, (max-width: 2560px) 100vw, 2560px\" \/><\/li>\n            <li style='display: none;'><img loading=\"lazy\" decoding=\"async\" width=\"2560\" height=\"1326\" src=\"https:\/\/architektweselmann.de\/wp-content\/uploads\/2021\/11\/IMG_4939-scaled.jpg\" class=\"slider-744 slide-749\" alt=\"\" rel=\"\" title=\"IMG_4939\" srcset=\"https:\/\/architektweselmann.de\/wp-content\/uploads\/2021\/11\/IMG_4939-scaled.jpg 2560w, https:\/\/architektweselmann.de\/wp-content\/uploads\/2021\/11\/IMG_4939-300x155.jpg 300w, https:\/\/architektweselmann.de\/wp-content\/uploads\/2021\/11\/IMG_4939-1024x530.jpg 1024w, https:\/\/architektweselmann.de\/wp-content\/uploads\/2021\/11\/IMG_4939-768x398.jpg 768w, https:\/\/architektweselmann.de\/wp-content\/uploads\/2021\/11\/IMG_4939-1536x795.jpg 1536w, https:\/\/architektweselmann.de\/wp-content\/uploads\/2021\/11\/IMG_4939-2048x1061.jpg 2048w, https:\/\/architektweselmann.de\/wp-content\/uploads\/2021\/11\/IMG_4939-150x78.jpg 150w\" sizes=\"auto, (max-width: 2560px) 100vw, 2560px\" \/><\/li>\n            <li style='display: none;'><img loading=\"lazy\" decoding=\"async\" width=\"2560\" height=\"1345\" src=\"https:\/\/architektweselmann.de\/wp-content\/uploads\/2021\/11\/IMG_4938-scaled.jpg\" class=\"slider-744 slide-750\" alt=\"\" rel=\"\" title=\"IMG_4938\" srcset=\"https:\/\/architektweselmann.de\/wp-content\/uploads\/2021\/11\/IMG_4938-scaled.jpg 2560w, https:\/\/architektweselmann.de\/wp-content\/uploads\/2021\/11\/IMG_4938-300x158.jpg 300w, https:\/\/architektweselmann.de\/wp-content\/uploads\/2021\/11\/IMG_4938-1024x538.jpg 1024w, https:\/\/architektweselmann.de\/wp-content\/uploads\/2021\/11\/IMG_4938-768x404.jpg 768w, https:\/\/architektweselmann.de\/wp-content\/uploads\/2021\/11\/IMG_4938-1536x807.jpg 1536w, https:\/\/architektweselmann.de\/wp-content\/uploads\/2021\/11\/IMG_4938-2048x1076.jpg 2048w, https:\/\/architektweselmann.de\/wp-content\/uploads\/2021\/11\/IMG_4938-150x79.jpg 150w\" sizes=\"auto, (max-width: 2560px) 100vw, 2560px\" \/><\/li>\n        <\/ul>\n        \n    <\/div>\n<\/div><\/div>\n\n\n\n<p class=\"has-text-color has-medium-font-size\" style=\"color:#1b532c\"><strong>Poltdach Spr\u00f6tze <\/strong><\/p>\n\n\n\n<div class=\"alignnormal\"><div id=\"metaslider-id-753\" style=\"max-width: 700px;\" class=\"ml-slider-3-23-3 metaslider metaslider-responsive metaslider-753 ml-slider\">\n    <div id=\"metaslider_container_753\">\n        <ul id='metaslider_753' class='rslides'>\n            <li><img loading=\"lazy\" decoding=\"async\" width=\"2560\" height=\"1379\" src=\"https:\/\/architektweselmann.de\/wp-content\/uploads\/2021\/11\/IMG_4871-scaled.jpg\" class=\"slider-753 slide-756\" alt=\"\" rel=\"\" title=\"IMG_4871\" srcset=\"https:\/\/architektweselmann.de\/wp-content\/uploads\/2021\/11\/IMG_4871-scaled.jpg 2560w, https:\/\/architektweselmann.de\/wp-content\/uploads\/2021\/11\/IMG_4871-300x162.jpg 300w, https:\/\/architektweselmann.de\/wp-content\/uploads\/2021\/11\/IMG_4871-1024x552.jpg 1024w, https:\/\/architektweselmann.de\/wp-content\/uploads\/2021\/11\/IMG_4871-768x414.jpg 768w, https:\/\/architektweselmann.de\/wp-content\/uploads\/2021\/11\/IMG_4871-1536x827.jpg 1536w, https:\/\/architektweselmann.de\/wp-content\/uploads\/2021\/11\/IMG_4871-2048x1103.jpg 2048w, https:\/\/architektweselmann.de\/wp-content\/uploads\/2021\/11\/IMG_4871-150x81.jpg 150w\" sizes=\"auto, (max-width: 2560px) 100vw, 2560px\" \/><\/li>\n            <li style='display: none;'><img loading=\"lazy\" decoding=\"async\" width=\"2560\" height=\"1619\" src=\"https:\/\/architektweselmann.de\/wp-content\/uploads\/2021\/11\/Pultdach_Sprotze_2013_IMG_4867-scaled.jpg\" class=\"slider-753 slide-754\" alt=\"\" rel=\"\" title=\"Pultdach_Sprotze_2013_IMG_4867\" srcset=\"https:\/\/architektweselmann.de\/wp-content\/uploads\/2021\/11\/Pultdach_Sprotze_2013_IMG_4867-scaled.jpg 2560w, https:\/\/architektweselmann.de\/wp-content\/uploads\/2021\/11\/Pultdach_Sprotze_2013_IMG_4867-300x190.jpg 300w, https:\/\/architektweselmann.de\/wp-content\/uploads\/2021\/11\/Pultdach_Sprotze_2013_IMG_4867-1024x648.jpg 1024w, https:\/\/architektweselmann.de\/wp-content\/uploads\/2021\/11\/Pultdach_Sprotze_2013_IMG_4867-768x486.jpg 768w, https:\/\/architektweselmann.de\/wp-content\/uploads\/2021\/11\/Pultdach_Sprotze_2013_IMG_4867-1536x971.jpg 1536w, https:\/\/architektweselmann.de\/wp-content\/uploads\/2021\/11\/Pultdach_Sprotze_2013_IMG_4867-2048x1295.jpg 2048w, https:\/\/architektweselmann.de\/wp-content\/uploads\/2021\/11\/Pultdach_Sprotze_2013_IMG_4867-150x95.jpg 150w\" sizes=\"auto, (max-width: 2560px) 100vw, 2560px\" \/><\/li>\n            <li style='display: none;'><img loading=\"lazy\" decoding=\"async\" width=\"2560\" height=\"1541\" src=\"https:\/\/architektweselmann.de\/wp-content\/uploads\/2021\/11\/IMG_4872-scaled.jpg\" class=\"slider-753 slide-755\" alt=\"\" rel=\"\" title=\"IMG_4872\" srcset=\"https:\/\/architektweselmann.de\/wp-content\/uploads\/2021\/11\/IMG_4872-scaled.jpg 2560w, https:\/\/architektweselmann.de\/wp-content\/uploads\/2021\/11\/IMG_4872-300x181.jpg 300w, https:\/\/architektweselmann.de\/wp-content\/uploads\/2021\/11\/IMG_4872-1024x616.jpg 1024w, https:\/\/architektweselmann.de\/wp-content\/uploads\/2021\/11\/IMG_4872-768x462.jpg 768w, https:\/\/architektweselmann.de\/wp-content\/uploads\/2021\/11\/IMG_4872-1536x924.jpg 1536w, https:\/\/architektweselmann.de\/wp-content\/uploads\/2021\/11\/IMG_4872-2048x1232.jpg 2048w, https:\/\/architektweselmann.de\/wp-content\/uploads\/2021\/11\/IMG_4872-150x90.jpg 150w\" sizes=\"auto, (max-width: 2560px) 100vw, 2560px\" \/><\/li>\n            <li style='display: none;'><img loading=\"lazy\" decoding=\"async\" width=\"2560\" height=\"1396\" src=\"https:\/\/architektweselmann.de\/wp-content\/uploads\/2021\/11\/IMG_4870-scaled.jpg\" class=\"slider-753 slide-757\" alt=\"\" rel=\"\" title=\"IMG_4870\" srcset=\"https:\/\/architektweselmann.de\/wp-content\/uploads\/2021\/11\/IMG_4870-scaled.jpg 2560w, https:\/\/architektweselmann.de\/wp-content\/uploads\/2021\/11\/IMG_4870-300x164.jpg 300w, https:\/\/architektweselmann.de\/wp-content\/uploads\/2021\/11\/IMG_4870-1024x558.jpg 1024w, https:\/\/architektweselmann.de\/wp-content\/uploads\/2021\/11\/IMG_4870-768x419.jpg 768w, https:\/\/architektweselmann.de\/wp-content\/uploads\/2021\/11\/IMG_4870-1536x837.jpg 1536w, https:\/\/architektweselmann.de\/wp-content\/uploads\/2021\/11\/IMG_4870-2048x1116.jpg 2048w, https:\/\/architektweselmann.de\/wp-content\/uploads\/2021\/11\/IMG_4870-150x82.jpg 150w\" sizes=\"auto, (max-width: 2560px) 100vw, 2560px\" \/><\/li>\n            <li style='display: none;'><img loading=\"lazy\" decoding=\"async\" width=\"2560\" height=\"1419\" src=\"https:\/\/architektweselmann.de\/wp-content\/uploads\/2021\/11\/IMG_4869-scaled.jpg\" class=\"slider-753 slide-760\" alt=\"\" rel=\"\" title=\"IMG_4869\" srcset=\"https:\/\/architektweselmann.de\/wp-content\/uploads\/2021\/11\/IMG_4869-scaled.jpg 2560w, https:\/\/architektweselmann.de\/wp-content\/uploads\/2021\/11\/IMG_4869-300x166.jpg 300w, https:\/\/architektweselmann.de\/wp-content\/uploads\/2021\/11\/IMG_4869-1024x568.jpg 1024w, https:\/\/architektweselmann.de\/wp-content\/uploads\/2021\/11\/IMG_4869-768x426.jpg 768w, https:\/\/architektweselmann.de\/wp-content\/uploads\/2021\/11\/IMG_4869-1536x852.jpg 1536w, https:\/\/architektweselmann.de\/wp-content\/uploads\/2021\/11\/IMG_4869-2048x1135.jpg 2048w, https:\/\/architektweselmann.de\/wp-content\/uploads\/2021\/11\/IMG_4869-150x83.jpg 150w\" sizes=\"auto, (max-width: 2560px) 100vw, 2560px\" \/><\/li>\n            <li style='display: none;'><img loading=\"lazy\" decoding=\"async\" width=\"2560\" height=\"2035\" src=\"https:\/\/architektweselmann.de\/wp-content\/uploads\/2021\/11\/IMG_4868-scaled.jpg\" class=\"slider-753 slide-761\" alt=\"\" rel=\"\" title=\"IMG_4868\" srcset=\"https:\/\/architektweselmann.de\/wp-content\/uploads\/2021\/11\/IMG_4868-scaled.jpg 2560w, https:\/\/architektweselmann.de\/wp-content\/uploads\/2021\/11\/IMG_4868-300x238.jpg 300w, https:\/\/architektweselmann.de\/wp-content\/uploads\/2021\/11\/IMG_4868-1024x814.jpg 1024w, https:\/\/architektweselmann.de\/wp-content\/uploads\/2021\/11\/IMG_4868-768x610.jpg 768w, https:\/\/architektweselmann.de\/wp-content\/uploads\/2021\/11\/IMG_4868-1536x1221.jpg 1536w, https:\/\/architektweselmann.de\/wp-content\/uploads\/2021\/11\/IMG_4868-2048x1628.jpg 2048w, https:\/\/architektweselmann.de\/wp-content\/uploads\/2021\/11\/IMG_4868-150x119.jpg 150w\" sizes=\"auto, (max-width: 2560px) 100vw, 2560px\" \/><\/li>\n            <li style='display: none;'><img loading=\"lazy\" decoding=\"async\" width=\"2560\" height=\"2075\" src=\"https:\/\/architektweselmann.de\/wp-content\/uploads\/2021\/11\/IMG_4875-scaled.jpg\" class=\"slider-753 slide-762\" alt=\"\" rel=\"\" title=\"IMG_4875\" srcset=\"https:\/\/architektweselmann.de\/wp-content\/uploads\/2021\/11\/IMG_4875-scaled.jpg 2560w, https:\/\/architektweselmann.de\/wp-content\/uploads\/2021\/11\/IMG_4875-300x243.jpg 300w, https:\/\/architektweselmann.de\/wp-content\/uploads\/2021\/11\/IMG_4875-1024x830.jpg 1024w, https:\/\/architektweselmann.de\/wp-content\/uploads\/2021\/11\/IMG_4875-768x623.jpg 768w, https:\/\/architektweselmann.de\/wp-content\/uploads\/2021\/11\/IMG_4875-1536x1245.jpg 1536w, https:\/\/architektweselmann.de\/wp-content\/uploads\/2021\/11\/IMG_4875-2048x1660.jpg 2048w, https:\/\/architektweselmann.de\/wp-content\/uploads\/2021\/11\/IMG_4875-150x122.jpg 150w\" sizes=\"auto, (max-width: 2560px) 100vw, 2560px\" \/><\/li>\n            <li style='display: none;'><img loading=\"lazy\" decoding=\"async\" width=\"2560\" height=\"1683\" src=\"https:\/\/architektweselmann.de\/wp-content\/uploads\/2021\/11\/IMG_4874-scaled.jpg\" class=\"slider-753 slide-763\" alt=\"\" rel=\"\" title=\"IMG_4874\" srcset=\"https:\/\/architektweselmann.de\/wp-content\/uploads\/2021\/11\/IMG_4874-scaled.jpg 2560w, https:\/\/architektweselmann.de\/wp-content\/uploads\/2021\/11\/IMG_4874-300x197.jpg 300w, https:\/\/architektweselmann.de\/wp-content\/uploads\/2021\/11\/IMG_4874-1024x673.jpg 1024w, https:\/\/architektweselmann.de\/wp-content\/uploads\/2021\/11\/IMG_4874-768x505.jpg 768w, https:\/\/architektweselmann.de\/wp-content\/uploads\/2021\/11\/IMG_4874-1536x1010.jpg 1536w, https:\/\/architektweselmann.de\/wp-content\/uploads\/2021\/11\/IMG_4874-2048x1347.jpg 2048w, https:\/\/architektweselmann.de\/wp-content\/uploads\/2021\/11\/IMG_4874-150x99.jpg 150w\" sizes=\"auto, (max-width: 2560px) 100vw, 2560px\" \/><\/li>\n            <li style='display: none;'><img loading=\"lazy\" decoding=\"async\" width=\"2560\" height=\"1751\" src=\"https:\/\/architektweselmann.de\/wp-content\/uploads\/2021\/11\/IMG_4873-scaled.jpg\" class=\"slider-753 slide-764\" alt=\"\" rel=\"\" title=\"IMG_4873\" srcset=\"https:\/\/architektweselmann.de\/wp-content\/uploads\/2021\/11\/IMG_4873-scaled.jpg 2560w, https:\/\/architektweselmann.de\/wp-content\/uploads\/2021\/11\/IMG_4873-300x205.jpg 300w, https:\/\/architektweselmann.de\/wp-content\/uploads\/2021\/11\/IMG_4873-1024x701.jpg 1024w, https:\/\/architektweselmann.de\/wp-content\/uploads\/2021\/11\/IMG_4873-768x525.jpg 768w, https:\/\/architektweselmann.de\/wp-content\/uploads\/2021\/11\/IMG_4873-1536x1051.jpg 1536w, https:\/\/architektweselmann.de\/wp-content\/uploads\/2021\/11\/IMG_4873-2048x1401.jpg 2048w, https:\/\/architektweselmann.de\/wp-content\/uploads\/2021\/11\/IMG_4873-150x103.jpg 150w\" sizes=\"auto, (max-width: 2560px) 100vw, 2560px\" \/><\/li>\n            <li style='display: none;'><img loading=\"lazy\" decoding=\"async\" width=\"2560\" height=\"1619\" src=\"https:\/\/architektweselmann.de\/wp-content\/uploads\/2021\/11\/Pultdach_Sprotze_2013_IMG_4867-1-scaled.jpg\" class=\"slider-753 slide-774\" alt=\"\" rel=\"\" title=\"Pultdach_Sprotze_2013_IMG_4867\" srcset=\"https:\/\/architektweselmann.de\/wp-content\/uploads\/2021\/11\/Pultdach_Sprotze_2013_IMG_4867-1-scaled.jpg 2560w, https:\/\/architektweselmann.de\/wp-content\/uploads\/2021\/11\/Pultdach_Sprotze_2013_IMG_4867-1-300x190.jpg 300w, https:\/\/architektweselmann.de\/wp-content\/uploads\/2021\/11\/Pultdach_Sprotze_2013_IMG_4867-1-1024x648.jpg 1024w, https:\/\/architektweselmann.de\/wp-content\/uploads\/2021\/11\/Pultdach_Sprotze_2013_IMG_4867-1-768x486.jpg 768w, https:\/\/architektweselmann.de\/wp-content\/uploads\/2021\/11\/Pultdach_Sprotze_2013_IMG_4867-1-1536x971.jpg 1536w, https:\/\/architektweselmann.de\/wp-content\/uploads\/2021\/11\/Pultdach_Sprotze_2013_IMG_4867-1-2048x1295.jpg 2048w, https:\/\/architektweselmann.de\/wp-content\/uploads\/2021\/11\/Pultdach_Sprotze_2013_IMG_4867-1-150x95.jpg 150w\" sizes=\"auto, (max-width: 2560px) 100vw, 2560px\" \/><\/li>\n        <\/ul>\n        \n    <\/div>\n<\/div><\/div>\n\n\n\n<p class=\"has-text-color has-medium-font-size\" style=\"color:#1b532c\"><strong>Doppelhaush\u00e4lfte L\u00fcbberstedt <\/strong><\/p>\n\n\n\n<div class=\"alignnormal\"><div id=\"metaslider-id-781\" style=\"max-width: 700px;\" class=\"ml-slider-3-23-3 metaslider metaslider-responsive metaslider-781 ml-slider\">\n    <div id=\"metaslider_container_781\">\n        <ul id='metaslider_781' class='rslides'>\n            <li><img loading=\"lazy\" decoding=\"async\" width=\"2560\" height=\"1920\" src=\"https:\/\/architektweselmann.de\/wp-content\/uploads\/2021\/11\/Doppelhaus_Luebberstedt_2000_CIMG0021-scaled.jpg\" class=\"slider-781 slide-782\" alt=\"\" rel=\"\" title=\"Doppelhaus_L\u00fcbberstedt_2000_CIMG0021\" srcset=\"https:\/\/architektweselmann.de\/wp-content\/uploads\/2021\/11\/Doppelhaus_Luebberstedt_2000_CIMG0021-scaled.jpg 2560w, https:\/\/architektweselmann.de\/wp-content\/uploads\/2021\/11\/Doppelhaus_Luebberstedt_2000_CIMG0021-300x225.jpg 300w, https:\/\/architektweselmann.de\/wp-content\/uploads\/2021\/11\/Doppelhaus_Luebberstedt_2000_CIMG0021-1024x768.jpg 1024w, https:\/\/architektweselmann.de\/wp-content\/uploads\/2021\/11\/Doppelhaus_Luebberstedt_2000_CIMG0021-768x576.jpg 768w, https:\/\/architektweselmann.de\/wp-content\/uploads\/2021\/11\/Doppelhaus_Luebberstedt_2000_CIMG0021-1536x1152.jpg 1536w, https:\/\/architektweselmann.de\/wp-content\/uploads\/2021\/11\/Doppelhaus_Luebberstedt_2000_CIMG0021-2048x1536.jpg 2048w, https:\/\/architektweselmann.de\/wp-content\/uploads\/2021\/11\/Doppelhaus_Luebberstedt_2000_CIMG0021-150x113.jpg 150w\" sizes=\"auto, (max-width: 2560px) 100vw, 2560px\" \/><\/li>\n            <li style='display: none;'><img loading=\"lazy\" decoding=\"async\" width=\"2560\" height=\"1920\" src=\"https:\/\/architektweselmann.de\/wp-content\/uploads\/2021\/11\/Doppelhaus_Luebberstedt_Rueckseite-scaled.jpg\" class=\"slider-781 slide-783\" alt=\"\" rel=\"\" title=\"Doppelhaus_L\u00fcbberstedt_R\u00fcckseite\" srcset=\"https:\/\/architektweselmann.de\/wp-content\/uploads\/2021\/11\/Doppelhaus_Luebberstedt_Rueckseite-scaled.jpg 2560w, https:\/\/architektweselmann.de\/wp-content\/uploads\/2021\/11\/Doppelhaus_Luebberstedt_Rueckseite-300x225.jpg 300w, https:\/\/architektweselmann.de\/wp-content\/uploads\/2021\/11\/Doppelhaus_Luebberstedt_Rueckseite-1024x768.jpg 1024w, https:\/\/architektweselmann.de\/wp-content\/uploads\/2021\/11\/Doppelhaus_Luebberstedt_Rueckseite-768x576.jpg 768w, https:\/\/architektweselmann.de\/wp-content\/uploads\/2021\/11\/Doppelhaus_Luebberstedt_Rueckseite-1536x1152.jpg 1536w, https:\/\/architektweselmann.de\/wp-content\/uploads\/2021\/11\/Doppelhaus_Luebberstedt_Rueckseite-2048x1536.jpg 2048w, https:\/\/architektweselmann.de\/wp-content\/uploads\/2021\/11\/Doppelhaus_Luebberstedt_Rueckseite-150x113.jpg 150w\" sizes=\"auto, (max-width: 2560px) 100vw, 2560px\" \/><\/li>\n            <li style='display: none;'><img loading=\"lazy\" decoding=\"async\" width=\"2560\" height=\"742\" src=\"https:\/\/architektweselmann.de\/wp-content\/uploads\/2021\/11\/Doppelhaus_Luebberstedt_2000_Collage-scaled.jpg\" class=\"slider-781 slide-784\" alt=\"\" rel=\"\" title=\"Doppelhaus_L\u00fcbberstedt_2000_Collage\" srcset=\"https:\/\/architektweselmann.de\/wp-content\/uploads\/2021\/11\/Doppelhaus_Luebberstedt_2000_Collage-scaled.jpg 2560w, https:\/\/architektweselmann.de\/wp-content\/uploads\/2021\/11\/Doppelhaus_Luebberstedt_2000_Collage-300x87.jpg 300w, https:\/\/architektweselmann.de\/wp-content\/uploads\/2021\/11\/Doppelhaus_Luebberstedt_2000_Collage-1024x297.jpg 1024w, https:\/\/architektweselmann.de\/wp-content\/uploads\/2021\/11\/Doppelhaus_Luebberstedt_2000_Collage-768x223.jpg 768w, https:\/\/architektweselmann.de\/wp-content\/uploads\/2021\/11\/Doppelhaus_Luebberstedt_2000_Collage-1536x445.jpg 1536w, https:\/\/architektweselmann.de\/wp-content\/uploads\/2021\/11\/Doppelhaus_Luebberstedt_2000_Collage-2048x594.jpg 2048w, https:\/\/architektweselmann.de\/wp-content\/uploads\/2021\/11\/Doppelhaus_Luebberstedt_2000_Collage-150x43.jpg 150w\" sizes=\"auto, (max-width: 2560px) 100vw, 2560px\" \/><\/li>\n        <\/ul>\n        \n    <\/div>\n<\/div><\/div>\n\n\n\n<p class=\"has-text-color has-medium-font-size\" style=\"color:#1b532c\"><strong>EFH Egestorf Engl. Stil <\/strong><\/p>\n\n\n\n<div class=\"alignnormal\"><div id=\"metaslider-id-778\" style=\"max-width: 700px;\" class=\"ml-slider-3-23-3 metaslider metaslider-responsive metaslider-778 ml-slider\">\n    <div id=\"metaslider_container_778\">\n        <ul id='metaslider_778' class='rslides'>\n            <li><img loading=\"lazy\" decoding=\"async\" width=\"2431\" height=\"1765\" src=\"https:\/\/architektweselmann.de\/wp-content\/uploads\/2021\/11\/EFH_Egestorf_Engl.Stil_CIMG0407.jpg\" class=\"slider-778 slide-779\" alt=\"\" rel=\"\" title=\"EFH_Egestorf_Engl.Stil_CIMG0407\" srcset=\"https:\/\/architektweselmann.de\/wp-content\/uploads\/2021\/11\/EFH_Egestorf_Engl.Stil_CIMG0407.jpg 2431w, https:\/\/architektweselmann.de\/wp-content\/uploads\/2021\/11\/EFH_Egestorf_Engl.Stil_CIMG0407-300x218.jpg 300w, https:\/\/architektweselmann.de\/wp-content\/uploads\/2021\/11\/EFH_Egestorf_Engl.Stil_CIMG0407-1024x743.jpg 1024w, https:\/\/architektweselmann.de\/wp-content\/uploads\/2021\/11\/EFH_Egestorf_Engl.Stil_CIMG0407-768x558.jpg 768w, https:\/\/architektweselmann.de\/wp-content\/uploads\/2021\/11\/EFH_Egestorf_Engl.Stil_CIMG0407-1536x1115.jpg 1536w, https:\/\/architektweselmann.de\/wp-content\/uploads\/2021\/11\/EFH_Egestorf_Engl.Stil_CIMG0407-2048x1487.jpg 2048w, https:\/\/architektweselmann.de\/wp-content\/uploads\/2021\/11\/EFH_Egestorf_Engl.Stil_CIMG0407-150x109.jpg 150w\" sizes=\"auto, (max-width: 2431px) 100vw, 2431px\" \/><\/li>\n            <li style='display: none;'><img loading=\"lazy\" decoding=\"async\" width=\"2527\" height=\"1867\" src=\"https:\/\/architektweselmann.de\/wp-content\/uploads\/2021\/11\/EFH_Egestorf_Engl.Stil_2006_CIMG0403.jpg\" class=\"slider-778 slide-780\" alt=\"\" rel=\"\" title=\"EFH_Egestorf_Engl.Stil_2006_CIMG0403\" srcset=\"https:\/\/architektweselmann.de\/wp-content\/uploads\/2021\/11\/EFH_Egestorf_Engl.Stil_2006_CIMG0403.jpg 2527w, https:\/\/architektweselmann.de\/wp-content\/uploads\/2021\/11\/EFH_Egestorf_Engl.Stil_2006_CIMG0403-300x222.jpg 300w, https:\/\/architektweselmann.de\/wp-content\/uploads\/2021\/11\/EFH_Egestorf_Engl.Stil_2006_CIMG0403-1024x757.jpg 1024w, https:\/\/architektweselmann.de\/wp-content\/uploads\/2021\/11\/EFH_Egestorf_Engl.Stil_2006_CIMG0403-768x567.jpg 768w, https:\/\/architektweselmann.de\/wp-content\/uploads\/2021\/11\/EFH_Egestorf_Engl.Stil_2006_CIMG0403-1536x1135.jpg 1536w, https:\/\/architektweselmann.de\/wp-content\/uploads\/2021\/11\/EFH_Egestorf_Engl.Stil_2006_CIMG0403-2048x1513.jpg 2048w, https:\/\/architektweselmann.de\/wp-content\/uploads\/2021\/11\/EFH_Egestorf_Engl.Stil_2006_CIMG0403-150x111.jpg 150w\" sizes=\"auto, (max-width: 2527px) 100vw, 2527px\" \/><\/li>\n        <\/ul>\n        \n    <\/div>\n<\/div><\/div>\n\n\n\n<p class=\"has-text-color has-medium-font-size\" style=\"color:#1b532c\"><strong>Einfamilienhaus Klecken <\/strong><\/p>\n\n\n\n<div class=\"alignnormal\"><div id=\"metaslider-id-775\" style=\"max-width: 700px;\" class=\"ml-slider-3-23-3 metaslider metaslider-responsive metaslider-775 ml-slider\">\n    <div id=\"metaslider_container_775\">\n        <ul id='metaslider_775' class='rslides'>\n            <li><img loading=\"lazy\" decoding=\"async\" width=\"2560\" height=\"2071\" src=\"https:\/\/architektweselmann.de\/wp-content\/uploads\/2021\/11\/EFH_Klecken_2013_IMG_4901-scaled.jpg\" class=\"slider-775 slide-776\" alt=\"\" rel=\"\" title=\"EFH_Klecken_2013_IMG_4901\" srcset=\"https:\/\/architektweselmann.de\/wp-content\/uploads\/2021\/11\/EFH_Klecken_2013_IMG_4901-scaled.jpg 2560w, https:\/\/architektweselmann.de\/wp-content\/uploads\/2021\/11\/EFH_Klecken_2013_IMG_4901-300x243.jpg 300w, https:\/\/architektweselmann.de\/wp-content\/uploads\/2021\/11\/EFH_Klecken_2013_IMG_4901-1024x828.jpg 1024w, https:\/\/architektweselmann.de\/wp-content\/uploads\/2021\/11\/EFH_Klecken_2013_IMG_4901-768x621.jpg 768w, https:\/\/architektweselmann.de\/wp-content\/uploads\/2021\/11\/EFH_Klecken_2013_IMG_4901-1536x1242.jpg 1536w, https:\/\/architektweselmann.de\/wp-content\/uploads\/2021\/11\/EFH_Klecken_2013_IMG_4901-2048x1656.jpg 2048w, https:\/\/architektweselmann.de\/wp-content\/uploads\/2021\/11\/EFH_Klecken_2013_IMG_4901-150x121.jpg 150w\" sizes=\"auto, (max-width: 2560px) 100vw, 2560px\" \/><\/li>\n            <li style='display: none;'><img loading=\"lazy\" decoding=\"async\" width=\"2481\" height=\"2056\" src=\"https:\/\/architektweselmann.de\/wp-content\/uploads\/2021\/11\/EFH_Klecken_2013_IMG_4900.jpg\" class=\"slider-775 slide-777\" alt=\"\" rel=\"\" title=\"EFH_Klecken_2013_IMG_4900\" srcset=\"https:\/\/architektweselmann.de\/wp-content\/uploads\/2021\/11\/EFH_Klecken_2013_IMG_4900.jpg 2481w, https:\/\/architektweselmann.de\/wp-content\/uploads\/2021\/11\/EFH_Klecken_2013_IMG_4900-300x249.jpg 300w, https:\/\/architektweselmann.de\/wp-content\/uploads\/2021\/11\/EFH_Klecken_2013_IMG_4900-1024x849.jpg 1024w, https:\/\/architektweselmann.de\/wp-content\/uploads\/2021\/11\/EFH_Klecken_2013_IMG_4900-768x636.jpg 768w, https:\/\/architektweselmann.de\/wp-content\/uploads\/2021\/11\/EFH_Klecken_2013_IMG_4900-1536x1273.jpg 1536w, https:\/\/architektweselmann.de\/wp-content\/uploads\/2021\/11\/EFH_Klecken_2013_IMG_4900-2048x1697.jpg 2048w, https:\/\/architektweselmann.de\/wp-content\/uploads\/2021\/11\/EFH_Klecken_2013_IMG_4900-150x124.jpg 150w\" sizes=\"auto, (max-width: 2481px) 100vw, 2481px\" \/><\/li>\n        <\/ul>\n        \n    <\/div>\n<\/div><\/div>\n\n\n\n<p class=\"has-text-color has-medium-font-size\" style=\"color:#1b532c\"><strong>EFH Eyendorf <\/strong><\/p>\n\n\n\n<div class=\"alignnormal\"><div id=\"metaslider-id-964\" style=\"max-width: 700px;\" class=\"ml-slider-3-23-3 metaslider metaslider-responsive metaslider-964 ml-slider\">\n    <div id=\"metaslider_container_964\">\n        <ul id='metaslider_964' class='rslides'>\n            <li><img loading=\"lazy\" decoding=\"async\" width=\"2560\" height=\"1920\" src=\"https:\/\/architektweselmann.de\/wp-content\/uploads\/2021\/11\/CIMG0215-scaled.jpg\" class=\"slider-964 slide-965\" alt=\"\" rel=\"\" title=\"CIMG0215\" srcset=\"https:\/\/architektweselmann.de\/wp-content\/uploads\/2021\/11\/CIMG0215-scaled.jpg 2560w, https:\/\/architektweselmann.de\/wp-content\/uploads\/2021\/11\/CIMG0215-300x225.jpg 300w, https:\/\/architektweselmann.de\/wp-content\/uploads\/2021\/11\/CIMG0215-1024x768.jpg 1024w, https:\/\/architektweselmann.de\/wp-content\/uploads\/2021\/11\/CIMG0215-768x576.jpg 768w, https:\/\/architektweselmann.de\/wp-content\/uploads\/2021\/11\/CIMG0215-1536x1152.jpg 1536w, https:\/\/architektweselmann.de\/wp-content\/uploads\/2021\/11\/CIMG0215-2048x1536.jpg 2048w, https:\/\/architektweselmann.de\/wp-content\/uploads\/2021\/11\/CIMG0215-150x113.jpg 150w\" sizes=\"auto, (max-width: 2560px) 100vw, 2560px\" \/><\/li>\n            <li style='display: none;'><img loading=\"lazy\" decoding=\"async\" width=\"2560\" height=\"1920\" src=\"https:\/\/architektweselmann.de\/wp-content\/uploads\/2021\/11\/CIMG0216-scaled.jpg\" class=\"slider-964 slide-966\" alt=\"\" rel=\"\" title=\"CIMG0216\" srcset=\"https:\/\/architektweselmann.de\/wp-content\/uploads\/2021\/11\/CIMG0216-scaled.jpg 2560w, https:\/\/architektweselmann.de\/wp-content\/uploads\/2021\/11\/CIMG0216-300x225.jpg 300w, https:\/\/architektweselmann.de\/wp-content\/uploads\/2021\/11\/CIMG0216-1024x768.jpg 1024w, https:\/\/architektweselmann.de\/wp-content\/uploads\/2021\/11\/CIMG0216-768x576.jpg 768w, https:\/\/architektweselmann.de\/wp-content\/uploads\/2021\/11\/CIMG0216-1536x1152.jpg 1536w, https:\/\/architektweselmann.de\/wp-content\/uploads\/2021\/11\/CIMG0216-2048x1536.jpg 2048w, https:\/\/architektweselmann.de\/wp-content\/uploads\/2021\/11\/CIMG0216-150x113.jpg 150w\" sizes=\"auto, (max-width: 2560px) 100vw, 2560px\" \/><\/li>\n            <li style='display: none;'><img loading=\"lazy\" decoding=\"async\" width=\"2560\" height=\"1920\" src=\"https:\/\/architektweselmann.de\/wp-content\/uploads\/2021\/11\/CIMG0214-scaled.jpg\" class=\"slider-964 slide-967\" alt=\"\" rel=\"\" title=\"CIMG0214\" srcset=\"https:\/\/architektweselmann.de\/wp-content\/uploads\/2021\/11\/CIMG0214-scaled.jpg 2560w, https:\/\/architektweselmann.de\/wp-content\/uploads\/2021\/11\/CIMG0214-300x225.jpg 300w, https:\/\/architektweselmann.de\/wp-content\/uploads\/2021\/11\/CIMG0214-1024x768.jpg 1024w, https:\/\/architektweselmann.de\/wp-content\/uploads\/2021\/11\/CIMG0214-768x576.jpg 768w, https:\/\/architektweselmann.de\/wp-content\/uploads\/2021\/11\/CIMG0214-1536x1152.jpg 1536w, https:\/\/architektweselmann.de\/wp-content\/uploads\/2021\/11\/CIMG0214-2048x1536.jpg 2048w, https:\/\/architektweselmann.de\/wp-content\/uploads\/2021\/11\/CIMG0214-150x113.jpg 150w\" sizes=\"auto, (max-width: 2560px) 100vw, 2560px\" \/><\/li>\n            <li style='display: none;'><img loading=\"lazy\" decoding=\"async\" width=\"2560\" height=\"1920\" src=\"https:\/\/architektweselmann.de\/wp-content\/uploads\/2021\/11\/CIMG0213-scaled.jpg\" class=\"slider-964 slide-968\" alt=\"\" rel=\"\" title=\"CIMG0213\" srcset=\"https:\/\/architektweselmann.de\/wp-content\/uploads\/2021\/11\/CIMG0213-scaled.jpg 2560w, https:\/\/architektweselmann.de\/wp-content\/uploads\/2021\/11\/CIMG0213-300x225.jpg 300w, https:\/\/architektweselmann.de\/wp-content\/uploads\/2021\/11\/CIMG0213-1024x768.jpg 1024w, https:\/\/architektweselmann.de\/wp-content\/uploads\/2021\/11\/CIMG0213-768x576.jpg 768w, https:\/\/architektweselmann.de\/wp-content\/uploads\/2021\/11\/CIMG0213-1536x1152.jpg 1536w, https:\/\/architektweselmann.de\/wp-content\/uploads\/2021\/11\/CIMG0213-2048x1536.jpg 2048w, https:\/\/architektweselmann.de\/wp-content\/uploads\/2021\/11\/CIMG0213-150x113.jpg 150w\" sizes=\"auto, (max-width: 2560px) 100vw, 2560px\" \/><\/li>\n            <li style='display: none;'><img loading=\"lazy\" decoding=\"async\" width=\"2560\" height=\"1920\" src=\"https:\/\/architektweselmann.de\/wp-content\/uploads\/2021\/11\/CIMG0212-scaled.jpg\" class=\"slider-964 slide-969\" alt=\"\" rel=\"\" title=\"CIMG0212\" srcset=\"https:\/\/architektweselmann.de\/wp-content\/uploads\/2021\/11\/CIMG0212-scaled.jpg 2560w, https:\/\/architektweselmann.de\/wp-content\/uploads\/2021\/11\/CIMG0212-300x225.jpg 300w, https:\/\/architektweselmann.de\/wp-content\/uploads\/2021\/11\/CIMG0212-1024x768.jpg 1024w, https:\/\/architektweselmann.de\/wp-content\/uploads\/2021\/11\/CIMG0212-768x576.jpg 768w, https:\/\/architektweselmann.de\/wp-content\/uploads\/2021\/11\/CIMG0212-1536x1152.jpg 1536w, https:\/\/architektweselmann.de\/wp-content\/uploads\/2021\/11\/CIMG0212-2048x1536.jpg 2048w, https:\/\/architektweselmann.de\/wp-content\/uploads\/2021\/11\/CIMG0212-150x113.jpg 150w\" sizes=\"auto, (max-width: 2560px) 100vw, 2560px\" \/><\/li>\n            <li style='display: none;'><img loading=\"lazy\" decoding=\"async\" width=\"2560\" height=\"1920\" src=\"https:\/\/architektweselmann.de\/wp-content\/uploads\/2021\/11\/CIMG0218-scaled.jpg\" class=\"slider-964 slide-970\" alt=\"\" rel=\"\" title=\"CIMG0218\" srcset=\"https:\/\/architektweselmann.de\/wp-content\/uploads\/2021\/11\/CIMG0218-scaled.jpg 2560w, https:\/\/architektweselmann.de\/wp-content\/uploads\/2021\/11\/CIMG0218-300x225.jpg 300w, https:\/\/architektweselmann.de\/wp-content\/uploads\/2021\/11\/CIMG0218-1024x768.jpg 1024w, https:\/\/architektweselmann.de\/wp-content\/uploads\/2021\/11\/CIMG0218-768x576.jpg 768w, https:\/\/architektweselmann.de\/wp-content\/uploads\/2021\/11\/CIMG0218-1536x1152.jpg 1536w, https:\/\/architektweselmann.de\/wp-content\/uploads\/2021\/11\/CIMG0218-2048x1536.jpg 2048w, https:\/\/architektweselmann.de\/wp-content\/uploads\/2021\/11\/CIMG0218-150x113.jpg 150w\" sizes=\"auto, (max-width: 2560px) 100vw, 2560px\" \/><\/li>\n            <li style='display: none;'><img loading=\"lazy\" decoding=\"async\" width=\"2560\" height=\"1920\" src=\"https:\/\/architektweselmann.de\/wp-content\/uploads\/2021\/11\/CIMG0217-scaled.jpg\" class=\"slider-964 slide-971\" alt=\"\" rel=\"\" title=\"CIMG0217\" srcset=\"https:\/\/architektweselmann.de\/wp-content\/uploads\/2021\/11\/CIMG0217-scaled.jpg 2560w, https:\/\/architektweselmann.de\/wp-content\/uploads\/2021\/11\/CIMG0217-300x225.jpg 300w, https:\/\/architektweselmann.de\/wp-content\/uploads\/2021\/11\/CIMG0217-1024x768.jpg 1024w, https:\/\/architektweselmann.de\/wp-content\/uploads\/2021\/11\/CIMG0217-768x576.jpg 768w, https:\/\/architektweselmann.de\/wp-content\/uploads\/2021\/11\/CIMG0217-1536x1152.jpg 1536w, https:\/\/architektweselmann.de\/wp-content\/uploads\/2021\/11\/CIMG0217-2048x1536.jpg 2048w, https:\/\/architektweselmann.de\/wp-content\/uploads\/2021\/11\/CIMG0217-150x113.jpg 150w\" sizes=\"auto, (max-width: 2560px) 100vw, 2560px\" \/><\/li>\n        <\/ul>\n        \n    <\/div>\n<\/div><\/div>\n\n\n\n<p class=\"has-text-color has-medium-font-size\" style=\"color:#1b532c\"><strong>EFH Jesteburg<\/strong><\/p>\n\n\n\n<div class=\"alignnormal\"><div id=\"metaslider-id-1138\" style=\"max-width: 700px;\" class=\"ml-slider-3-23-3 metaslider metaslider-responsive metaslider-1138 ml-slider\">\n    <div id=\"metaslider_container_1138\">\n        <ul id='metaslider_1138' class='rslides'>\n            <li><img loading=\"lazy\" decoding=\"async\" width=\"2560\" height=\"1920\" src=\"https:\/\/architektweselmann.de\/wp-content\/uploads\/2021\/11\/CIMG2946-scaled.jpg\" class=\"slider-1138 slide-1139\" alt=\"\" rel=\"\" title=\"CIMG2946\" srcset=\"https:\/\/architektweselmann.de\/wp-content\/uploads\/2021\/11\/CIMG2946-scaled.jpg 2560w, https:\/\/architektweselmann.de\/wp-content\/uploads\/2021\/11\/CIMG2946-300x225.jpg 300w, https:\/\/architektweselmann.de\/wp-content\/uploads\/2021\/11\/CIMG2946-1024x768.jpg 1024w, https:\/\/architektweselmann.de\/wp-content\/uploads\/2021\/11\/CIMG2946-768x576.jpg 768w, https:\/\/architektweselmann.de\/wp-content\/uploads\/2021\/11\/CIMG2946-1536x1152.jpg 1536w, https:\/\/architektweselmann.de\/wp-content\/uploads\/2021\/11\/CIMG2946-2048x1536.jpg 2048w, https:\/\/architektweselmann.de\/wp-content\/uploads\/2021\/11\/CIMG2946-150x113.jpg 150w\" sizes=\"auto, (max-width: 2560px) 100vw, 2560px\" \/><\/li>\n            <li style='display: none;'><img loading=\"lazy\" decoding=\"async\" width=\"2560\" height=\"1920\" src=\"https:\/\/architektweselmann.de\/wp-content\/uploads\/2021\/11\/CIMG2947-1-scaled.jpg\" class=\"slider-1138 slide-1140\" alt=\"\" rel=\"\" title=\"CIMG2947\" srcset=\"https:\/\/architektweselmann.de\/wp-content\/uploads\/2021\/11\/CIMG2947-1-scaled.jpg 2560w, https:\/\/architektweselmann.de\/wp-content\/uploads\/2021\/11\/CIMG2947-1-300x225.jpg 300w, https:\/\/architektweselmann.de\/wp-content\/uploads\/2021\/11\/CIMG2947-1-1024x768.jpg 1024w, https:\/\/architektweselmann.de\/wp-content\/uploads\/2021\/11\/CIMG2947-1-768x576.jpg 768w, https:\/\/architektweselmann.de\/wp-content\/uploads\/2021\/11\/CIMG2947-1-1536x1152.jpg 1536w, https:\/\/architektweselmann.de\/wp-content\/uploads\/2021\/11\/CIMG2947-1-2048x1536.jpg 2048w, https:\/\/architektweselmann.de\/wp-content\/uploads\/2021\/11\/CIMG2947-1-150x113.jpg 150w\" sizes=\"auto, (max-width: 2560px) 100vw, 2560px\" \/><\/li>\n            <li style='display: none;'><img loading=\"lazy\" decoding=\"async\" width=\"2560\" height=\"1920\" src=\"https:\/\/architektweselmann.de\/wp-content\/uploads\/2021\/11\/CIMG2945-scaled.jpg\" class=\"slider-1138 slide-1141\" alt=\"\" rel=\"\" title=\"CIMG2945\" srcset=\"https:\/\/architektweselmann.de\/wp-content\/uploads\/2021\/11\/CIMG2945-scaled.jpg 2560w, https:\/\/architektweselmann.de\/wp-content\/uploads\/2021\/11\/CIMG2945-300x225.jpg 300w, https:\/\/architektweselmann.de\/wp-content\/uploads\/2021\/11\/CIMG2945-1024x768.jpg 1024w, https:\/\/architektweselmann.de\/wp-content\/uploads\/2021\/11\/CIMG2945-768x576.jpg 768w, https:\/\/architektweselmann.de\/wp-content\/uploads\/2021\/11\/CIMG2945-1536x1152.jpg 1536w, https:\/\/architektweselmann.de\/wp-content\/uploads\/2021\/11\/CIMG2945-2048x1536.jpg 2048w, https:\/\/architektweselmann.de\/wp-content\/uploads\/2021\/11\/CIMG2945-150x113.jpg 150w\" sizes=\"auto, (max-width: 2560px) 100vw, 2560px\" \/><\/li>\n            <li style='display: none;'><img loading=\"lazy\" decoding=\"async\" width=\"2304\" height=\"1728\" src=\"https:\/\/architektweselmann.de\/wp-content\/uploads\/2021\/11\/PIC_0030.jpg\" class=\"slider-1138 slide-1142\" alt=\"\" rel=\"\" title=\"DIGITAL CAMERA\" srcset=\"https:\/\/architektweselmann.de\/wp-content\/uploads\/2021\/11\/PIC_0030.jpg 2304w, https:\/\/architektweselmann.de\/wp-content\/uploads\/2021\/11\/PIC_0030-300x225.jpg 300w, https:\/\/architektweselmann.de\/wp-content\/uploads\/2021\/11\/PIC_0030-1024x768.jpg 1024w, https:\/\/architektweselmann.de\/wp-content\/uploads\/2021\/11\/PIC_0030-768x576.jpg 768w, https:\/\/architektweselmann.de\/wp-content\/uploads\/2021\/11\/PIC_0030-1536x1152.jpg 1536w, https:\/\/architektweselmann.de\/wp-content\/uploads\/2021\/11\/PIC_0030-2048x1536.jpg 2048w, https:\/\/architektweselmann.de\/wp-content\/uploads\/2021\/11\/PIC_0030-150x113.jpg 150w\" sizes=\"auto, (max-width: 2304px) 100vw, 2304px\" \/><div class=\"caption-wrap\"><div class=\"caption\">DIGITAL CAMERA<\/div><\/div><\/li>\n            <li style='display: none;'><img loading=\"lazy\" decoding=\"async\" width=\"2560\" height=\"1920\" src=\"https:\/\/architektweselmann.de\/wp-content\/uploads\/2021\/11\/CIMG2948-scaled.jpg\" class=\"slider-1138 slide-1143\" alt=\"\" rel=\"\" title=\"CIMG2948\" srcset=\"https:\/\/architektweselmann.de\/wp-content\/uploads\/2021\/11\/CIMG2948-scaled.jpg 2560w, https:\/\/architektweselmann.de\/wp-content\/uploads\/2021\/11\/CIMG2948-300x225.jpg 300w, https:\/\/architektweselmann.de\/wp-content\/uploads\/2021\/11\/CIMG2948-1024x768.jpg 1024w, https:\/\/architektweselmann.de\/wp-content\/uploads\/2021\/11\/CIMG2948-768x576.jpg 768w, https:\/\/architektweselmann.de\/wp-content\/uploads\/2021\/11\/CIMG2948-1536x1152.jpg 1536w, https:\/\/architektweselmann.de\/wp-content\/uploads\/2021\/11\/CIMG2948-2048x1536.jpg 2048w, https:\/\/architektweselmann.de\/wp-content\/uploads\/2021\/11\/CIMG2948-150x113.jpg 150w\" sizes=\"auto, (max-width: 2560px) 100vw, 2560px\" \/><\/li>\n            <li style='display: none;'><img loading=\"lazy\" decoding=\"async\" width=\"2560\" height=\"1920\" src=\"https:\/\/architektweselmann.de\/wp-content\/uploads\/2021\/11\/CIMG2957-scaled.jpg\" class=\"slider-1138 slide-1144\" alt=\"\" rel=\"\" title=\"CIMG2957\" srcset=\"https:\/\/architektweselmann.de\/wp-content\/uploads\/2021\/11\/CIMG2957-scaled.jpg 2560w, https:\/\/architektweselmann.de\/wp-content\/uploads\/2021\/11\/CIMG2957-300x225.jpg 300w, https:\/\/architektweselmann.de\/wp-content\/uploads\/2021\/11\/CIMG2957-1024x768.jpg 1024w, https:\/\/architektweselmann.de\/wp-content\/uploads\/2021\/11\/CIMG2957-768x576.jpg 768w, https:\/\/architektweselmann.de\/wp-content\/uploads\/2021\/11\/CIMG2957-1536x1152.jpg 1536w, https:\/\/architektweselmann.de\/wp-content\/uploads\/2021\/11\/CIMG2957-2048x1536.jpg 2048w, https:\/\/architektweselmann.de\/wp-content\/uploads\/2021\/11\/CIMG2957-150x113.jpg 150w\" sizes=\"auto, (max-width: 2560px) 100vw, 2560px\" \/><\/li>\n            <li style='display: none;'><img loading=\"lazy\" decoding=\"async\" width=\"2560\" height=\"1920\" src=\"https:\/\/architektweselmann.de\/wp-content\/uploads\/2021\/11\/CIMG2953-scaled.jpg\" class=\"slider-1138 slide-1145\" alt=\"\" rel=\"\" title=\"CIMG2953\" srcset=\"https:\/\/architektweselmann.de\/wp-content\/uploads\/2021\/11\/CIMG2953-scaled.jpg 2560w, https:\/\/architektweselmann.de\/wp-content\/uploads\/2021\/11\/CIMG2953-300x225.jpg 300w, https:\/\/architektweselmann.de\/wp-content\/uploads\/2021\/11\/CIMG2953-1024x768.jpg 1024w, https:\/\/architektweselmann.de\/wp-content\/uploads\/2021\/11\/CIMG2953-768x576.jpg 768w, https:\/\/architektweselmann.de\/wp-content\/uploads\/2021\/11\/CIMG2953-1536x1152.jpg 1536w, https:\/\/architektweselmann.de\/wp-content\/uploads\/2021\/11\/CIMG2953-2048x1536.jpg 2048w, https:\/\/architektweselmann.de\/wp-content\/uploads\/2021\/11\/CIMG2953-150x113.jpg 150w\" sizes=\"auto, (max-width: 2560px) 100vw, 2560px\" \/><\/li>\n            <li style='display: none;'><img loading=\"lazy\" decoding=\"async\" width=\"2560\" height=\"1920\" src=\"https:\/\/architektweselmann.de\/wp-content\/uploads\/2021\/11\/CIMG2951-scaled.jpg\" class=\"slider-1138 slide-1146\" alt=\"\" rel=\"\" title=\"CIMG2951\" srcset=\"https:\/\/architektweselmann.de\/wp-content\/uploads\/2021\/11\/CIMG2951-scaled.jpg 2560w, https:\/\/architektweselmann.de\/wp-content\/uploads\/2021\/11\/CIMG2951-300x225.jpg 300w, https:\/\/architektweselmann.de\/wp-content\/uploads\/2021\/11\/CIMG2951-1024x768.jpg 1024w, https:\/\/architektweselmann.de\/wp-content\/uploads\/2021\/11\/CIMG2951-768x576.jpg 768w, https:\/\/architektweselmann.de\/wp-content\/uploads\/2021\/11\/CIMG2951-1536x1152.jpg 1536w, https:\/\/architektweselmann.de\/wp-content\/uploads\/2021\/11\/CIMG2951-2048x1536.jpg 2048w, https:\/\/architektweselmann.de\/wp-content\/uploads\/2021\/11\/CIMG2951-150x113.jpg 150w\" sizes=\"auto, (max-width: 2560px) 100vw, 2560px\" \/><\/li>\n            <li style='display: none;'><img loading=\"lazy\" decoding=\"async\" width=\"2304\" height=\"1728\" src=\"https:\/\/architektweselmann.de\/wp-content\/uploads\/2021\/11\/PIC_0034.jpg\" class=\"slider-1138 slide-1147\" alt=\"\" rel=\"\" title=\"DIGITAL CAMERA\" srcset=\"https:\/\/architektweselmann.de\/wp-content\/uploads\/2021\/11\/PIC_0034.jpg 2304w, https:\/\/architektweselmann.de\/wp-content\/uploads\/2021\/11\/PIC_0034-300x225.jpg 300w, https:\/\/architektweselmann.de\/wp-content\/uploads\/2021\/11\/PIC_0034-1024x768.jpg 1024w, https:\/\/architektweselmann.de\/wp-content\/uploads\/2021\/11\/PIC_0034-768x576.jpg 768w, https:\/\/architektweselmann.de\/wp-content\/uploads\/2021\/11\/PIC_0034-1536x1152.jpg 1536w, https:\/\/architektweselmann.de\/wp-content\/uploads\/2021\/11\/PIC_0034-2048x1536.jpg 2048w, https:\/\/architektweselmann.de\/wp-content\/uploads\/2021\/11\/PIC_0034-150x113.jpg 150w\" sizes=\"auto, (max-width: 2304px) 100vw, 2304px\" \/><div class=\"caption-wrap\"><div class=\"caption\">DIGITAL CAMERA<\/div><\/div><\/li>\n            <li style='display: none;'><img loading=\"lazy\" decoding=\"async\" width=\"2048\" height=\"1536\" src=\"https:\/\/architektweselmann.de\/wp-content\/uploads\/2021\/11\/PIC_0011.jpg\" class=\"slider-1138 slide-1148\" alt=\"\" rel=\"\" title=\"DIGITAL CAMERA\" srcset=\"https:\/\/architektweselmann.de\/wp-content\/uploads\/2021\/11\/PIC_0011.jpg 2048w, https:\/\/architektweselmann.de\/wp-content\/uploads\/2021\/11\/PIC_0011-300x225.jpg 300w, https:\/\/architektweselmann.de\/wp-content\/uploads\/2021\/11\/PIC_0011-1024x768.jpg 1024w, https:\/\/architektweselmann.de\/wp-content\/uploads\/2021\/11\/PIC_0011-768x576.jpg 768w, https:\/\/architektweselmann.de\/wp-content\/uploads\/2021\/11\/PIC_0011-1536x1152.jpg 1536w, https:\/\/architektweselmann.de\/wp-content\/uploads\/2021\/11\/PIC_0011-150x113.jpg 150w\" sizes=\"auto, (max-width: 2048px) 100vw, 2048px\" \/><div class=\"caption-wrap\"><div class=\"caption\">DIGITAL CAMERA<\/div><\/div><\/li>\n            <li style='display: none;'><img loading=\"lazy\" decoding=\"async\" width=\"2048\" height=\"1536\" src=\"https:\/\/architektweselmann.de\/wp-content\/uploads\/2021\/11\/PIC_0007.jpg\" class=\"slider-1138 slide-1149\" alt=\"\" rel=\"\" title=\"DIGITAL CAMERA\" srcset=\"https:\/\/architektweselmann.de\/wp-content\/uploads\/2021\/11\/PIC_0007.jpg 2048w, https:\/\/architektweselmann.de\/wp-content\/uploads\/2021\/11\/PIC_0007-300x225.jpg 300w, https:\/\/architektweselmann.de\/wp-content\/uploads\/2021\/11\/PIC_0007-1024x768.jpg 1024w, https:\/\/architektweselmann.de\/wp-content\/uploads\/2021\/11\/PIC_0007-768x576.jpg 768w, https:\/\/architektweselmann.de\/wp-content\/uploads\/2021\/11\/PIC_0007-1536x1152.jpg 1536w, https:\/\/architektweselmann.de\/wp-content\/uploads\/2021\/11\/PIC_0007-150x113.jpg 150w\" sizes=\"auto, (max-width: 2048px) 100vw, 2048px\" \/><div class=\"caption-wrap\"><div class=\"caption\">DIGITAL CAMERA<\/div><\/div><\/li>\n        <\/ul>\n        \n    <\/div>\n<\/div><\/div>\n\n\n\n<p class=\"has-text-color has-medium-font-size\" style=\"color:#1b532c\"><strong>EFH<\/strong> <strong>Fredenbeck<\/strong><\/p>\n\n\n\n<div class=\"alignnormal\"><div id=\"metaslider-id-1123\" style=\"max-width: 700px;\" class=\"ml-slider-3-23-3 metaslider metaslider-responsive metaslider-1123 ml-slider\">\n    <div id=\"metaslider_container_1123\">\n        <ul id='metaslider_1123' class='rslides'>\n            <li><img loading=\"lazy\" decoding=\"async\" width=\"2560\" height=\"1426\" src=\"https:\/\/architektweselmann.de\/wp-content\/uploads\/2021\/12\/IMG_20210326_132347-scaled.jpg\" class=\"slider-1123 slide-1732\" alt=\"\" rel=\"\" title=\"IMG_20210326_132347\" srcset=\"https:\/\/architektweselmann.de\/wp-content\/uploads\/2021\/12\/IMG_20210326_132347-scaled.jpg 2560w, https:\/\/architektweselmann.de\/wp-content\/uploads\/2021\/12\/IMG_20210326_132347-300x167.jpg 300w, https:\/\/architektweselmann.de\/wp-content\/uploads\/2021\/12\/IMG_20210326_132347-1024x570.jpg 1024w, https:\/\/architektweselmann.de\/wp-content\/uploads\/2021\/12\/IMG_20210326_132347-768x428.jpg 768w, https:\/\/architektweselmann.de\/wp-content\/uploads\/2021\/12\/IMG_20210326_132347-1536x855.jpg 1536w, https:\/\/architektweselmann.de\/wp-content\/uploads\/2021\/12\/IMG_20210326_132347-2048x1140.jpg 2048w, https:\/\/architektweselmann.de\/wp-content\/uploads\/2021\/12\/IMG_20210326_132347-150x84.jpg 150w\" sizes=\"auto, (max-width: 2560px) 100vw, 2560px\" \/><\/li>\n            <li style='display: none;'><img loading=\"lazy\" decoding=\"async\" width=\"2560\" height=\"1887\" src=\"https:\/\/architektweselmann.de\/wp-content\/uploads\/2021\/12\/IMG_20210326_132322-scaled.jpg\" class=\"slider-1123 slide-1733\" alt=\"\" rel=\"\" title=\"IMG_20210326_132322\" srcset=\"https:\/\/architektweselmann.de\/wp-content\/uploads\/2021\/12\/IMG_20210326_132322-scaled.jpg 2560w, https:\/\/architektweselmann.de\/wp-content\/uploads\/2021\/12\/IMG_20210326_132322-300x221.jpg 300w, https:\/\/architektweselmann.de\/wp-content\/uploads\/2021\/12\/IMG_20210326_132322-1024x755.jpg 1024w, https:\/\/architektweselmann.de\/wp-content\/uploads\/2021\/12\/IMG_20210326_132322-768x566.jpg 768w, https:\/\/architektweselmann.de\/wp-content\/uploads\/2021\/12\/IMG_20210326_132322-1536x1132.jpg 1536w, https:\/\/architektweselmann.de\/wp-content\/uploads\/2021\/12\/IMG_20210326_132322-2048x1510.jpg 2048w, https:\/\/architektweselmann.de\/wp-content\/uploads\/2021\/12\/IMG_20210326_132322-150x111.jpg 150w\" sizes=\"auto, (max-width: 2560px) 100vw, 2560px\" \/><\/li>\n            <li style='display: none;'><img loading=\"lazy\" decoding=\"async\" width=\"2560\" height=\"1542\" src=\"https:\/\/architektweselmann.de\/wp-content\/uploads\/2021\/12\/IMG_20210326_132104-scaled.jpg\" class=\"slider-1123 slide-1734\" alt=\"\" rel=\"\" title=\"IMG_20210326_132104\" srcset=\"https:\/\/architektweselmann.de\/wp-content\/uploads\/2021\/12\/IMG_20210326_132104-scaled.jpg 2560w, https:\/\/architektweselmann.de\/wp-content\/uploads\/2021\/12\/IMG_20210326_132104-300x181.jpg 300w, https:\/\/architektweselmann.de\/wp-content\/uploads\/2021\/12\/IMG_20210326_132104-1024x617.jpg 1024w, https:\/\/architektweselmann.de\/wp-content\/uploads\/2021\/12\/IMG_20210326_132104-768x463.jpg 768w, https:\/\/architektweselmann.de\/wp-content\/uploads\/2021\/12\/IMG_20210326_132104-1536x925.jpg 1536w, https:\/\/architektweselmann.de\/wp-content\/uploads\/2021\/12\/IMG_20210326_132104-2048x1234.jpg 2048w, https:\/\/architektweselmann.de\/wp-content\/uploads\/2021\/12\/IMG_20210326_132104-150x90.jpg 150w\" sizes=\"auto, (max-width: 2560px) 100vw, 2560px\" \/><\/li>\n        <\/ul>\n        \n    <\/div>\n<\/div><\/div>\n\n\n\n<p class=\"has-text-color has-medium-font-size\" style=\"color:#1b532c\"><\/p>\n","protected":false},"excerpt":{"rendered":"<p>Einfamilienhaus Maschen Bauhaus Radbruch EFH Dierstorf Mediterranes Doppelhaus Obstwiese Moisburg Poltdach Spr\u00f6tze Doppelhaush\u00e4lfte L\u00fcbberstedt EFH Egestorf Engl. Stil Einfamilienhaus Klecken EFH Eyendorf EFH Jesteburg EFH Fredenbeck<\/p>\n<p> <a class=\"continue-reading-link\" href=\"https:\/\/architektweselmann.de\/?page_id=1250\"><span>Continue reading<\/span><i class=\"crycon-right-dir\"><\/i><\/a> <\/p>\n","protected":false},"author":1,"featured_media":0,"parent":0,"menu_order":0,"comment_status":"closed","ping_status":"closed","template":"","meta":{"footnotes":""},"class_list":["post-1250","page","type-page","status-publish","hentry"],"_links":{"self":[{"href":"https:\/\/architektweselmann.de\/index.php?rest_route=\/wp\/v2\/pages\/1250","targetHints":{"allow":["GET"]}}],"collection":[{"href":"https:\/\/architektweselmann.de\/index.php?rest_route=\/wp\/v2\/pages"}],"about":[{"href":"https:\/\/architektweselmann.de\/index.php?rest_route=\/wp\/v2\/types\/page"}],"author":[{"embeddable":true,"href":"https:\/\/architektweselmann.de\/index.php?rest_route=\/wp\/v2\/users\/1"}],"replies":[{"embeddable":true,"href":"https:\/\/architektweselmann.de\/index.php?rest_route=%2Fwp%2Fv2%2Fcomments&post=1250"}],"version-history":[{"count":9,"href":"https:\/\/architektweselmann.de\/index.php?rest_route=\/wp\/v2\/pages\/1250\/revisions"}],"predecessor-version":[{"id":1735,"href":"https:\/\/architektweselmann.de\/index.php?rest_route=\/wp\/v2\/pages\/1250\/revisions\/1735"}],"wp:attachment":[{"href":"https:\/\/architektweselmann.de\/index.php?rest_route=%2Fwp%2Fv2%2Fmedia&parent=1250"}],"curies":[{"name":"wp","href":"https:\/\/api.w.org\/{rel}","templated":true}]}}